{"id":209,"date":"2015-09-23T14:27:42","date_gmt":"2015-09-23T12:27:42","guid":{"rendered":"http:\/\/themedemos.webmandesign.eu\/polyclinic\/?page_id=209"},"modified":"2026-03-31T11:11:48","modified_gmt":"2026-03-31T14:11:48","slug":"lira-odonto-paraiso","status":"publish","type":"page","link":"https:\/\/liraodonto.com.br\/es\/unidades\/lira-odonto-paraiso\/","title":{"rendered":"Lira Odonto Para\u00edso"},"content":{"rendered":"<p>CROSP CL 9837 &#8211;\u00a0Respons\u00e1vel t\u00e9cnico: Prof. Dr. Fernando da Cunha Ribeiro &#8211; CROSP 21.257<\/p>\n<p><a href=\"https:\/\/liraodonto.com.br\/es\/agende-uma-consulta\/\" class=\"wm-button size-large button\">Programe una cita<\/a><\/p>\n\t<h3><strong>\u00bfComo llegar?<\/strong><\/h3>\n<p>Travessa da Av. Paulista, na altura do n\u00famero 149.\u00a0Pr\u00f3ximo \u00e0 esta\u00e7\u00e3o de metr\u00f4 Brigadeiro:<\/p>\n<p><img loading=\"lazy\" decoding=\"async\" src=\"..\/..\/wp-content\/uploads\/2015\/09\/WhatsApp-Image-2022-08-02-at-16.39.24-e1659469408914.jpeg\" alt=\"\" width=\"300\" height=\"491\" \/><\/p>\n\t<h2>Cuerpo Cl\u00ednico<\/h2>\n<p>Tenemos un equipo multidisciplinario listo para servirle.<br \/>Echa un vistazo a los profesionales que sirven en esta unidad:<\/p>\n<div class=\"wm-posts wm-posts-wrap clearfix wm-posts-wm_staff wm-posts-layout-default posts\"><div class=\"wm-posts-container wm-items-container with-margin\" data-columns=\"3\" data-time=\"0\" data-layout-mode=\"masonry\"><div class=\"wm-row with-margin\">\n<div class=\"wm-posts-item wm-posts-item-4111 wm-column width-1-3 with-margin has-thumbnail\">\n\n\t\n\n<article id=\"post-4111\" class=\"post-4111 wm_staff type-wm_staff status-publish has-post-thumbnail hentry tag-ap tag-up staff_department-clinica-geral staff_department-graduacao-usp staff_position-corpo-clinico entry\">\n\n\t\n\t\t<div class=\"wm-posts-element wm-html-element image image-container\">\n\t\t\t<a href=\"https:\/\/liraodonto.com.br\/es\/profissionais\/dra-gabriella-ribas\/\" rel=\"bookmark\"><img loading=\"lazy\" decoding=\"async\" width=\"352\" height=\"370\" src=\"https:\/\/liraodonto.com.br\/wp-content\/uploads\/2018\/12\/PHOTO-2018-12-05-16-33-12.jpg\" class=\"attachment-polyclinic-square size-polyclinic-square wp-post-image\" alt=\"\" title=\"PHOTO-2018-12-05-16-33-12\" \/><\/a>\t\t<\/div>\n\n\t\t\n\t<div class=\"wm-posts-elements-wrapper\">\n\n\t\t<div class=\"wm-posts-element wm-html-element title\">\n\t\t\t<h6>\n\t\t\t\t<a href=\"https:\/\/liraodonto.com.br\/es\/profissionais\/dra-gabriella-ribas\/\" rel=\"bookmark\">Dr\u00aa. Gabriella Ribas<\/a>\t\t\t<\/h6>\n\t\t<\/div>\n\n\t\t\n\t\t\t<div class=\"wm-posts-element wm-html-element taxonomy taxonomy-staff_department\">\n\t\t\t\t<span class=\"taxonomy-name\">Department: <\/span>\n\t\t\t\t<span class=\"term term-staff_department term-clinica-geral\">Cl\u00ednica General<\/span>, <span class=\"term term-staff_department term-graduacao-usp\">Pre grado - USP<\/span>\t\t\t<\/div>\n\n\t\t\t\n\t\t\n\t<\/div>\n\n\t\n<\/article>\n\n\n<\/div>\n\n<div class=\"wm-posts-item wm-posts-item-2136 wm-column width-1-3 with-margin alt has-thumbnail\">\n\n\t\n\n<article id=\"post-2136\" class=\"post-2136 wm_staff type-wm_staff status-publish has-post-thumbnail hentry tag-up staff_department-clinica-geral staff_department-mestre-unicsul staff_position-corpo-clinico entry\">\n\n\t\n\t\t<div class=\"wm-posts-element wm-html-element image image-container\">\n\t\t\t<a href=\"https:\/\/liraodonto.com.br\/es\/profissionais\/dra-sidnea-freitas-paiva\/\" rel=\"bookmark\"><img loading=\"lazy\" decoding=\"async\" width=\"448\" height=\"448\" src=\"https:\/\/liraodonto.com.br\/wp-content\/uploads\/2016\/06\/sidneia_paiva-448x448.jpg\" class=\"attachment-polyclinic-square size-polyclinic-square wp-post-image\" alt=\"\" title=\"sidneia_paiva\" srcset=\"https:\/\/liraodonto.com.br\/wp-content\/uploads\/2016\/06\/sidneia_paiva-448x448.jpg 448w, https:\/\/liraodonto.com.br\/wp-content\/uploads\/2016\/06\/sidneia_paiva-100x100.jpg 100w, https:\/\/liraodonto.com.br\/wp-content\/uploads\/2016\/06\/sidneia_paiva.jpg 600w\" sizes=\"auto, (max-width: 448px) 100vw, 448px\" \/><\/a>\t\t<\/div>\n\n\t\t\n\t<div class=\"wm-posts-elements-wrapper\">\n\n\t\t<div class=\"wm-posts-element wm-html-element title\">\n\t\t\t<h6>\n\t\t\t\t<a href=\"https:\/\/liraodonto.com.br\/es\/profissionais\/dra-sidnea-freitas-paiva\/\" rel=\"bookmark\">Dr\u00aa. Sidnea Freitas Paiva<\/a>\t\t\t<\/h6>\n\t\t<\/div>\n\n\t\t\n\t\t\t<div class=\"wm-posts-element wm-html-element taxonomy taxonomy-staff_department\">\n\t\t\t\t<span class=\"taxonomy-name\">Department: <\/span>\n\t\t\t\t<span class=\"term term-staff_department term-clinica-geral\">Cl\u00ednica General<\/span>, <span class=\"term term-staff_department term-mestre-unicsul\">M\u00e1ster - UNICSUL<\/span>\t\t\t<\/div>\n\n\t\t\t\n\t\t\n\t<\/div>\n\n\t\n<\/article>\n\n\n<\/div>\n\n<div class=\"wm-posts-item wm-posts-item-2131 wm-column width-1-3 with-margin last has-thumbnail\">\n\n\t\n\n<article id=\"post-2131\" class=\"post-2131 wm_staff type-wm_staff status-publish has-post-thumbnail hentry tag-up staff_department-clinico-geral staff_department-graduacao-usp staff_position-corpo-clinico entry\">\n\n\t\n\t\t<div class=\"wm-posts-element wm-html-element image image-container\">\n\t\t\t<a href=\"https:\/\/liraodonto.com.br\/es\/profissionais\/dr-romildo-fukushi\/\" rel=\"bookmark\"><img loading=\"lazy\" decoding=\"async\" width=\"448\" height=\"448\" src=\"https:\/\/liraodonto.com.br\/wp-content\/uploads\/2016\/06\/romildo-448x448.jpg\" class=\"attachment-polyclinic-square size-polyclinic-square wp-post-image\" alt=\"\" title=\"romildo\" srcset=\"https:\/\/liraodonto.com.br\/wp-content\/uploads\/2016\/06\/romildo-448x448.jpg 448w, https:\/\/liraodonto.com.br\/wp-content\/uploads\/2016\/06\/romildo-100x100.jpg 100w, https:\/\/liraodonto.com.br\/wp-content\/uploads\/2016\/06\/romildo.jpg 600w\" sizes=\"auto, (max-width: 448px) 100vw, 448px\" \/><\/a>\t\t<\/div>\n\n\t\t\n\t<div class=\"wm-posts-elements-wrapper\">\n\n\t\t<div class=\"wm-posts-element wm-html-element title\">\n\t\t\t<h6>\n\t\t\t\t<a href=\"https:\/\/liraodonto.com.br\/es\/profissionais\/dr-romildo-fukushi\/\" rel=\"bookmark\">Dr. Romildo Fukuchi<\/a>\t\t\t<\/h6>\n\t\t<\/div>\n\n\t\t\n\t\t\t<div class=\"wm-posts-element wm-html-element taxonomy taxonomy-staff_department\">\n\t\t\t\t<span class=\"taxonomy-name\">Department: <\/span>\n\t\t\t\t<span class=\"term term-staff_department term-clinico-geral\">Cl\u00ednico General<\/span>, <span class=\"term term-staff_department term-graduacao-usp\">Pre grado - USP<\/span>\t\t\t<\/div>\n\n\t\t\t\n\t\t\n\t<\/div>\n\n\t\n<\/article>\n\n\n<\/div>\n<\/div><div class=\"wm-row with-margin\">\n<div class=\"wm-posts-item wm-posts-item-2113 wm-column width-1-3 with-margin alt has-thumbnail\">\n\n\t\n\n<article id=\"post-2113\" class=\"post-2113 wm_staff type-wm_staff status-publish has-post-thumbnail hentry tag-ap tag-up staff_department-especialista-unip staff_position-corpo-clinico entry\">\n\n\t\n\t\t<div class=\"wm-posts-element wm-html-element image image-container\">\n\t\t\t<a href=\"https:\/\/liraodonto.com.br\/es\/profissionais\/dr-davis-sasahara\/\" rel=\"bookmark\"><img loading=\"lazy\" decoding=\"async\" width=\"448\" height=\"448\" src=\"https:\/\/liraodonto.com.br\/wp-content\/uploads\/2016\/06\/davis_sasahara-448x448.jpg\" class=\"attachment-polyclinic-square size-polyclinic-square wp-post-image\" alt=\"\" title=\"davis_sasahara\" srcset=\"https:\/\/liraodonto.com.br\/wp-content\/uploads\/2016\/06\/davis_sasahara-448x448.jpg 448w, https:\/\/liraodonto.com.br\/wp-content\/uploads\/2016\/06\/davis_sasahara-100x100.jpg 100w, https:\/\/liraodonto.com.br\/wp-content\/uploads\/2016\/06\/davis_sasahara.jpg 600w\" sizes=\"auto, (max-width: 448px) 100vw, 448px\" \/><\/a>\t\t<\/div>\n\n\t\t\n\t<div class=\"wm-posts-elements-wrapper\">\n\n\t\t<div class=\"wm-posts-element wm-html-element title\">\n\t\t\t<h6>\n\t\t\t\t<a href=\"https:\/\/liraodonto.com.br\/es\/profissionais\/dr-davis-sasahara\/\" rel=\"bookmark\">Dr. Davis Sasahara<\/a>\t\t\t<\/h6>\n\t\t<\/div>\n\n\t\t\n\t\t\t<div class=\"wm-posts-element wm-html-element taxonomy taxonomy-staff_department\">\n\t\t\t\t<span class=\"taxonomy-name\">Department: <\/span>\n\t\t\t\t<span class=\"term term-staff_department term-especialista-unip\">Especialista - UNIP<\/span>\t\t\t<\/div>\n\n\t\t\t\n\t\t\n\t<\/div>\n\n\t\n<\/article>\n\n\n<\/div>\n\n<div class=\"wm-posts-item wm-posts-item-2121 wm-column width-1-3 with-margin has-thumbnail\">\n\n\t\n\n<article id=\"post-2121\" class=\"post-2121 wm_staff type-wm_staff status-publish has-post-thumbnail hentry tag-ap tag-up staff_department-clinica-geral staff_department-graduacao-foc-rj staff_position-corpo-clinico entry\">\n\n\t\n\t\t<div class=\"wm-posts-element wm-html-element image image-container\">\n\t\t\t<a href=\"https:\/\/liraodonto.com.br\/es\/profissionais\/dra-laura-c-rolim-ferraz\/\" rel=\"bookmark\"><img loading=\"lazy\" decoding=\"async\" width=\"448\" height=\"448\" src=\"https:\/\/liraodonto.com.br\/wp-content\/uploads\/2016\/06\/laura-448x448.jpg\" class=\"attachment-polyclinic-square size-polyclinic-square wp-post-image\" alt=\"\" title=\"laura\" srcset=\"https:\/\/liraodonto.com.br\/wp-content\/uploads\/2016\/06\/laura-448x448.jpg 448w, https:\/\/liraodonto.com.br\/wp-content\/uploads\/2016\/06\/laura-100x100.jpg 100w, https:\/\/liraodonto.com.br\/wp-content\/uploads\/2016\/06\/laura.jpg 600w\" sizes=\"auto, (max-width: 448px) 100vw, 448px\" \/><\/a>\t\t<\/div>\n\n\t\t\n\t<div class=\"wm-posts-elements-wrapper\">\n\n\t\t<div class=\"wm-posts-element wm-html-element title\">\n\t\t\t<h6>\n\t\t\t\t<a href=\"https:\/\/liraodonto.com.br\/es\/profissionais\/dra-laura-c-rolim-ferraz\/\" rel=\"bookmark\">Dr\u00aa. Laura C. Rolim Ferraz<\/a>\t\t\t<\/h6>\n\t\t<\/div>\n\n\t\t\n\t\t\t<div class=\"wm-posts-element wm-html-element taxonomy taxonomy-staff_department\">\n\t\t\t\t<span class=\"taxonomy-name\">Department: <\/span>\n\t\t\t\t<span class=\"term term-staff_department term-clinica-geral\">Cl\u00ednica General<\/span>, <span class=\"term term-staff_department term-graduacao-foc-rj\">Pre grado - FOC-RJ<\/span>\t\t\t<\/div>\n\n\t\t\t\n\t\t\n\t<\/div>\n\n\t\n<\/article>\n\n\n<\/div>\n\n<div class=\"wm-posts-item wm-posts-item-3212 wm-column width-1-3 with-margin alt last has-thumbnail\">\n\n\t\n\n<article id=\"post-3212\" class=\"post-3212 wm_staff type-wm_staff status-publish has-post-thumbnail hentry tag-ap tag-up staff_department-doutora-usp staff_position-corpo-clinico entry\">\n\n\t\n\t\t<div class=\"wm-posts-element wm-html-element image image-container\">\n\t\t\t<a href=\"https:\/\/liraodonto.com.br\/es\/profissionais\/dra-patricia-veronica-aulestia-viera\/\" rel=\"bookmark\"><img loading=\"lazy\" decoding=\"async\" width=\"448\" height=\"448\" src=\"https:\/\/liraodonto.com.br\/wp-content\/uploads\/2017\/03\/patricia-448x448.jpg\" class=\"attachment-polyclinic-square size-polyclinic-square wp-post-image\" alt=\"\" title=\"patricia\" srcset=\"https:\/\/liraodonto.com.br\/wp-content\/uploads\/2017\/03\/patricia-448x448.jpg 448w, https:\/\/liraodonto.com.br\/wp-content\/uploads\/2017\/03\/patricia.jpg 600w\" sizes=\"auto, (max-width: 448px) 100vw, 448px\" \/><\/a>\t\t<\/div>\n\n\t\t\n\t<div class=\"wm-posts-elements-wrapper\">\n\n\t\t<div class=\"wm-posts-element wm-html-element title\">\n\t\t\t<h6>\n\t\t\t\t<a href=\"https:\/\/liraodonto.com.br\/es\/profissionais\/dra-patricia-veronica-aulestia-viera\/\" rel=\"bookmark\">Dr\u00aa. Patr\u00edcia Ver\u00f3nica Aulestia Viera<\/a>\t\t\t<\/h6>\n\t\t<\/div>\n\n\t\t\n\t\t\t<div class=\"wm-posts-element wm-html-element taxonomy taxonomy-staff_department\">\n\t\t\t\t<span class=\"taxonomy-name\">Department: <\/span>\n\t\t\t\t<span class=\"term term-staff_department term-doutora-usp\">Ph.D. - USP<\/span>\t\t\t<\/div>\n\n\t\t\t\n\t\t\n\t<\/div>\n\n\t\n<\/article>\n\n\n<\/div>\n<\/div><div class=\"wm-row with-margin\">\n<div class=\"wm-posts-item wm-posts-item-2111 wm-column width-1-3 with-margin has-thumbnail\">\n\n\t\n\n<article id=\"post-2111\" class=\"post-2111 wm_staff type-wm_staff status-publish has-post-thumbnail hentry tag-ap tag-up staff_department-mestre-icb-usp staff_position-corpo-clinico entry\">\n\n\t\n\t\t<div class=\"wm-posts-element wm-html-element image image-container\">\n\t\t\t<a href=\"https:\/\/liraodonto.com.br\/es\/profissionais\/dr-daniel-anzai\/\" rel=\"bookmark\"><img loading=\"lazy\" decoding=\"async\" width=\"448\" height=\"448\" src=\"https:\/\/liraodonto.com.br\/wp-content\/uploads\/2016\/06\/daniel_anzai-448x448.jpg\" class=\"attachment-polyclinic-square size-polyclinic-square wp-post-image\" alt=\"\" title=\"daniel_anzai\" srcset=\"https:\/\/liraodonto.com.br\/wp-content\/uploads\/2016\/06\/daniel_anzai-448x448.jpg 448w, https:\/\/liraodonto.com.br\/wp-content\/uploads\/2016\/06\/daniel_anzai-100x100.jpg 100w, https:\/\/liraodonto.com.br\/wp-content\/uploads\/2016\/06\/daniel_anzai.jpg 600w\" sizes=\"auto, (max-width: 448px) 100vw, 448px\" \/><\/a>\t\t<\/div>\n\n\t\t\n\t<div class=\"wm-posts-elements-wrapper\">\n\n\t\t<div class=\"wm-posts-element wm-html-element title\">\n\t\t\t<h6>\n\t\t\t\t<a href=\"https:\/\/liraodonto.com.br\/es\/profissionais\/dr-daniel-anzai\/\" rel=\"bookmark\">Dr. Daniel Anzai<\/a>\t\t\t<\/h6>\n\t\t<\/div>\n\n\t\t\n\t\t\t<div class=\"wm-posts-element wm-html-element taxonomy taxonomy-staff_department\">\n\t\t\t\t<span class=\"taxonomy-name\">Department: <\/span>\n\t\t\t\t<span class=\"term term-staff_department term-mestre-icb-usp\">M\u00e1ster - ICB-USP<\/span>\t\t\t<\/div>\n\n\t\t\t\n\t\t\n\t<\/div>\n\n\t\n<\/article>\n\n\n<\/div>\n\n<div class=\"wm-posts-item wm-posts-item-2150 wm-column width-1-3 with-margin alt has-thumbnail\">\n\n\t\n\n<article id=\"post-2150\" class=\"post-2150 wm_staff type-wm_staff status-publish has-post-thumbnail hentry tag-ap tag-up staff_department-doutor-usp staff_position-diretor-clinico entry\">\n\n\t\n\t\t<div class=\"wm-posts-element wm-html-element image image-container\">\n\t\t\t<a href=\"https:\/\/liraodonto.com.br\/es\/profissionais\/prof-dr-fernando-da-cunha-ribeiro\/\" rel=\"bookmark\"><img loading=\"lazy\" decoding=\"async\" width=\"448\" height=\"448\" src=\"https:\/\/liraodonto.com.br\/wp-content\/uploads\/2016\/09\/drfernando_ribeiro-448x448.jpg\" class=\"attachment-polyclinic-square size-polyclinic-square wp-post-image\" alt=\"\" title=\"drfernando_ribeiro\" srcset=\"https:\/\/liraodonto.com.br\/wp-content\/uploads\/2016\/09\/drfernando_ribeiro-448x448.jpg 448w, https:\/\/liraodonto.com.br\/wp-content\/uploads\/2016\/09\/drfernando_ribeiro.jpg 600w\" sizes=\"auto, (max-width: 448px) 100vw, 448px\" \/><\/a>\t\t<\/div>\n\n\t\t\n\t<div class=\"wm-posts-elements-wrapper\">\n\n\t\t<div class=\"wm-posts-element wm-html-element title\">\n\t\t\t<h6>\n\t\t\t\t<a href=\"https:\/\/liraodonto.com.br\/es\/profissionais\/prof-dr-fernando-da-cunha-ribeiro\/\" rel=\"bookmark\">Prof. Dr. Fernando da Cunha Ribeiro<\/a>\t\t\t<\/h6>\n\t\t<\/div>\n\n\t\t\n\t\t\t<div class=\"wm-posts-element wm-html-element taxonomy taxonomy-staff_department\">\n\t\t\t\t<span class=\"taxonomy-name\">Department: <\/span>\n\t\t\t\t<span class=\"term term-staff_department term-doutor-usp\">Ph.D. - USP<\/span>\t\t\t<\/div>\n\n\t\t\t\n\t\t\n\t<\/div>\n\n\t\n<\/article>\n\n\n<\/div>\n<\/div><\/div><\/div>","protected":false},"excerpt":{"rendered":"<div class=\"entry-summary\">\n<div class=\"entry-summary\">\nDiretor Cl\u00ednico Prof. Dr. Fernando da Cunha Ribeiro Cl\u00ednico Geral, Dent\u00edstica, Pr\u00f3tese Dent\u00e1ria, DTM CROSP 21257 Forma\u00e7\u00e3o Prof.&hellip;\n<\/div>\n<\/div>","protected":false},"author":1,"featured_media":5032,"parent":90,"menu_order":4,"comment_status":"closed","ping_status":"closed","template":"","meta":{"_acf_changed":false,"_monsterinsights_skip_tracking":false,"_monsterinsights_sitenote_active":false,"_monsterinsights_sitenote_note":"","_monsterinsights_sitenote_category":0,"_joinchat":[],"footnotes":""},"class_list":["post-209","page","type-page","status-publish","has-post-thumbnail","hentry","entry"],"acf":[],"yoast_head":"<!-- This site is optimized with the Yoast SEO plugin v27.5 - https:\/\/yoast.com\/product\/yoast-seo-wordpress\/ -->\n<title>Lira Odonto Para\u00edso - Lira Odonto<\/title>\n<meta name=\"description\" content=\"Rua Le\u00f4ncio de Carvalho, 306, conj 41 - Para\u00edso\" \/>\n<meta name=\"robots\" content=\"index, follow, max-snippet:-1, max-image-preview:large, max-video-preview:-1\" \/>\n<link rel=\"canonical\" href=\"https:\/\/liraodonto.com.br\/es\/unidades\/lira-odonto-paraiso\/\" \/>\n<meta property=\"og:locale\" content=\"es_ES\" \/>\n<meta property=\"og:type\" content=\"article\" \/>\n<meta property=\"og:title\" content=\"Lira Odonto Para\u00edso - Lira Odonto\" \/>\n<meta property=\"og:description\" content=\"Rua Le\u00f4ncio de Carvalho, 306, conj 41 - Para\u00edso\" \/>\n<meta property=\"og:url\" content=\"https:\/\/liraodonto.com.br\/es\/unidades\/lira-odonto-paraiso\/\" \/>\n<meta property=\"og:site_name\" content=\"Lira Odonto\" \/>\n<meta property=\"article:publisher\" content=\"https:\/\/www.facebook.com\/liraodonto\/\" \/>\n<meta property=\"article:modified_time\" content=\"2026-03-31T14:11:48+00:00\" \/>\n<meta property=\"og:image\" content=\"https:\/\/liraodonto.com.br\/wp-content\/uploads\/2022\/10\/WhatsApp-Image-2022-09-21-at-17.32.14-3-e1774966087226.jpeg\" \/>\n\t<meta property=\"og:image:width\" content=\"1060\" \/>\n\t<meta property=\"og:image:height\" content=\"742\" \/>\n\t<meta property=\"og:image:type\" content=\"image\/jpeg\" \/>\n<meta name=\"twitter:card\" content=\"summary_large_image\" \/>\n<meta name=\"twitter:label1\" content=\"Tiempo de lectura\" \/>\n\t<meta name=\"twitter:data1\" content=\"5 minutos\" \/>\n<script type=\"application\/ld+json\" class=\"yoast-schema-graph\">{\"@context\":\"https:\\\/\\\/schema.org\",\"@graph\":[{\"@type\":\"WebPage\",\"@id\":\"https:\\\/\\\/liraodonto.com.br\\\/unidades\\\/lira-odonto-paraiso\\\/\",\"url\":\"https:\\\/\\\/liraodonto.com.br\\\/unidades\\\/lira-odonto-paraiso\\\/\",\"name\":\"Lira Odonto Para\u00edso - Lira Odonto\",\"isPartOf\":{\"@id\":\"https:\\\/\\\/liraodonto.com.br\\\/#website\"},\"primaryImageOfPage\":{\"@id\":\"https:\\\/\\\/liraodonto.com.br\\\/unidades\\\/lira-odonto-paraiso\\\/#primaryimage\"},\"image\":{\"@id\":\"https:\\\/\\\/liraodonto.com.br\\\/unidades\\\/lira-odonto-paraiso\\\/#primaryimage\"},\"thumbnailUrl\":\"https:\\\/\\\/liraodonto.com.br\\\/wp-content\\\/uploads\\\/2022\\\/10\\\/WhatsApp-Image-2022-09-21-at-17.32.14-3-e1774966087226.jpeg\",\"datePublished\":\"2015-09-23T12:27:42+00:00\",\"dateModified\":\"2026-03-31T14:11:48+00:00\",\"description\":\"Rua Le\u00f4ncio de Carvalho, 306, conj 41 - Para\u00edso\",\"breadcrumb\":{\"@id\":\"https:\\\/\\\/liraodonto.com.br\\\/unidades\\\/lira-odonto-paraiso\\\/#breadcrumb\"},\"inLanguage\":\"es\",\"potentialAction\":[{\"@type\":\"ReadAction\",\"target\":[\"https:\\\/\\\/liraodonto.com.br\\\/unidades\\\/lira-odonto-paraiso\\\/\"]}]},{\"@type\":\"ImageObject\",\"inLanguage\":\"es\",\"@id\":\"https:\\\/\\\/liraodonto.com.br\\\/unidades\\\/lira-odonto-paraiso\\\/#primaryimage\",\"url\":\"https:\\\/\\\/liraodonto.com.br\\\/wp-content\\\/uploads\\\/2022\\\/10\\\/WhatsApp-Image-2022-09-21-at-17.32.14-3-e1774966087226.jpeg\",\"contentUrl\":\"https:\\\/\\\/liraodonto.com.br\\\/wp-content\\\/uploads\\\/2022\\\/10\\\/WhatsApp-Image-2022-09-21-at-17.32.14-3-e1774966087226.jpeg\",\"width\":1060,\"height\":742},{\"@type\":\"BreadcrumbList\",\"@id\":\"https:\\\/\\\/liraodonto.com.br\\\/unidades\\\/lira-odonto-paraiso\\\/#breadcrumb\",\"itemListElement\":[{\"@type\":\"ListItem\",\"position\":1,\"name\":\"In\u00edcio\",\"item\":\"https:\\\/\\\/liraodonto.com.br\\\/\"},{\"@type\":\"ListItem\",\"position\":2,\"name\":\"Unidades\",\"item\":\"https:\\\/\\\/liraodonto.com.br\\\/unidades\\\/\"},{\"@type\":\"ListItem\",\"position\":3,\"name\":\"Lira Odonto Para\u00edso\"}]},{\"@type\":\"WebSite\",\"@id\":\"https:\\\/\\\/liraodonto.com.br\\\/#website\",\"url\":\"https:\\\/\\\/liraodonto.com.br\\\/\",\"name\":\"Lira Odonto\",\"description\":\"\",\"publisher\":{\"@id\":\"https:\\\/\\\/liraodonto.com.br\\\/#organization\"},\"potentialAction\":[{\"@type\":\"SearchAction\",\"target\":{\"@type\":\"EntryPoint\",\"urlTemplate\":\"https:\\\/\\\/liraodonto.com.br\\\/?s={search_term_string}\"},\"query-input\":{\"@type\":\"PropertyValueSpecification\",\"valueRequired\":true,\"valueName\":\"search_term_string\"}}],\"inLanguage\":\"es\"},{\"@type\":\"Organization\",\"@id\":\"https:\\\/\\\/liraodonto.com.br\\\/#organization\",\"name\":\"Lira Odonto\",\"url\":\"https:\\\/\\\/liraodonto.com.br\\\/\",\"logo\":{\"@type\":\"ImageObject\",\"inLanguage\":\"es\",\"@id\":\"https:\\\/\\\/liraodonto.com.br\\\/#\\\/schema\\\/logo\\\/image\\\/\",\"url\":\"https:\\\/\\\/liraodonto.com.br\\\/wp-content\\\/uploads\\\/2016\\\/04\\\/cropped-cropped-lira_odonto_site.png\",\"contentUrl\":\"https:\\\/\\\/liraodonto.com.br\\\/wp-content\\\/uploads\\\/2016\\\/04\\\/cropped-cropped-lira_odonto_site.png\",\"width\":200,\"height\":46,\"caption\":\"Lira Odonto\"},\"image\":{\"@id\":\"https:\\\/\\\/liraodonto.com.br\\\/#\\\/schema\\\/logo\\\/image\\\/\"},\"sameAs\":[\"https:\\\/\\\/www.facebook.com\\\/liraodonto\\\/\",\"https:\\\/\\\/www.instagram.com\\\/liraodonto\\\/\"]}]}<\/script>\n<!-- \/ Yoast SEO plugin. -->","yoast_head_json":{"title":"Lira Odonto Para\u00edso - Lira Odonto","description":"Rua Le\u00f4ncio de Carvalho, 306, conj 41 - Para\u00edso","robots":{"index":"index","follow":"follow","max-snippet":"max-snippet:-1","max-image-preview":"max-image-preview:large","max-video-preview":"max-video-preview:-1"},"canonical":"https:\/\/liraodonto.com.br\/es\/unidades\/lira-odonto-paraiso\/","og_locale":"es_ES","og_type":"article","og_title":"Lira Odonto Para\u00edso - Lira Odonto","og_description":"Rua Le\u00f4ncio de Carvalho, 306, conj 41 - Para\u00edso","og_url":"https:\/\/liraodonto.com.br\/es\/unidades\/lira-odonto-paraiso\/","og_site_name":"Lira Odonto","article_publisher":"https:\/\/www.facebook.com\/liraodonto\/","article_modified_time":"2026-03-31T14:11:48+00:00","og_image":[{"width":1060,"height":742,"url":"https:\/\/liraodonto.com.br\/wp-content\/uploads\/2022\/10\/WhatsApp-Image-2022-09-21-at-17.32.14-3-e1774966087226.jpeg","type":"image\/jpeg"}],"twitter_card":"summary_large_image","twitter_misc":{"Tiempo de lectura":"5 minutos"},"schema":{"@context":"https:\/\/schema.org","@graph":[{"@type":"WebPage","@id":"https:\/\/liraodonto.com.br\/unidades\/lira-odonto-paraiso\/","url":"https:\/\/liraodonto.com.br\/unidades\/lira-odonto-paraiso\/","name":"Lira Odonto Para\u00edso - Lira Odonto","isPartOf":{"@id":"https:\/\/liraodonto.com.br\/#website"},"primaryImageOfPage":{"@id":"https:\/\/liraodonto.com.br\/unidades\/lira-odonto-paraiso\/#primaryimage"},"image":{"@id":"https:\/\/liraodonto.com.br\/unidades\/lira-odonto-paraiso\/#primaryimage"},"thumbnailUrl":"https:\/\/liraodonto.com.br\/wp-content\/uploads\/2022\/10\/WhatsApp-Image-2022-09-21-at-17.32.14-3-e1774966087226.jpeg","datePublished":"2015-09-23T12:27:42+00:00","dateModified":"2026-03-31T14:11:48+00:00","description":"Rua Le\u00f4ncio de Carvalho, 306, conj 41 - Para\u00edso","breadcrumb":{"@id":"https:\/\/liraodonto.com.br\/unidades\/lira-odonto-paraiso\/#breadcrumb"},"inLanguage":"es","potentialAction":[{"@type":"ReadAction","target":["https:\/\/liraodonto.com.br\/unidades\/lira-odonto-paraiso\/"]}]},{"@type":"ImageObject","inLanguage":"es","@id":"https:\/\/liraodonto.com.br\/unidades\/lira-odonto-paraiso\/#primaryimage","url":"https:\/\/liraodonto.com.br\/wp-content\/uploads\/2022\/10\/WhatsApp-Image-2022-09-21-at-17.32.14-3-e1774966087226.jpeg","contentUrl":"https:\/\/liraodonto.com.br\/wp-content\/uploads\/2022\/10\/WhatsApp-Image-2022-09-21-at-17.32.14-3-e1774966087226.jpeg","width":1060,"height":742},{"@type":"BreadcrumbList","@id":"https:\/\/liraodonto.com.br\/unidades\/lira-odonto-paraiso\/#breadcrumb","itemListElement":[{"@type":"ListItem","position":1,"name":"In\u00edcio","item":"https:\/\/liraodonto.com.br\/"},{"@type":"ListItem","position":2,"name":"Unidades","item":"https:\/\/liraodonto.com.br\/unidades\/"},{"@type":"ListItem","position":3,"name":"Lira Odonto Para\u00edso"}]},{"@type":"WebSite","@id":"https:\/\/liraodonto.com.br\/#website","url":"https:\/\/liraodonto.com.br\/","name":"Lira Odonto","description":"","publisher":{"@id":"https:\/\/liraodonto.com.br\/#organization"},"potentialAction":[{"@type":"SearchAction","target":{"@type":"EntryPoint","urlTemplate":"https:\/\/liraodonto.com.br\/?s={search_term_string}"},"query-input":{"@type":"PropertyValueSpecification","valueRequired":true,"valueName":"search_term_string"}}],"inLanguage":"es"},{"@type":"Organization","@id":"https:\/\/liraodonto.com.br\/#organization","name":"Lira Odonto","url":"https:\/\/liraodonto.com.br\/","logo":{"@type":"ImageObject","inLanguage":"es","@id":"https:\/\/liraodonto.com.br\/#\/schema\/logo\/image\/","url":"https:\/\/liraodonto.com.br\/wp-content\/uploads\/2016\/04\/cropped-cropped-lira_odonto_site.png","contentUrl":"https:\/\/liraodonto.com.br\/wp-content\/uploads\/2016\/04\/cropped-cropped-lira_odonto_site.png","width":200,"height":46,"caption":"Lira Odonto"},"image":{"@id":"https:\/\/liraodonto.com.br\/#\/schema\/logo\/image\/"},"sameAs":["https:\/\/www.facebook.com\/liraodonto\/","https:\/\/www.instagram.com\/liraodonto\/"]}]}},"wps_subtitle":"","_links":{"self":[{"href":"https:\/\/liraodonto.com.br\/es\/wp-json\/wp\/v2\/pages\/209","targetHints":{"allow":["GET"]}}],"collection":[{"href":"https:\/\/liraodonto.com.br\/es\/wp-json\/wp\/v2\/pages"}],"about":[{"href":"https:\/\/liraodonto.com.br\/es\/wp-json\/wp\/v2\/types\/page"}],"author":[{"embeddable":true,"href":"https:\/\/liraodonto.com.br\/es\/wp-json\/wp\/v2\/users\/1"}],"replies":[{"embeddable":true,"href":"https:\/\/liraodonto.com.br\/es\/wp-json\/wp\/v2\/comments?post=209"}],"version-history":[{"count":37,"href":"https:\/\/liraodonto.com.br\/es\/wp-json\/wp\/v2\/pages\/209\/revisions"}],"predecessor-version":[{"id":5454,"href":"https:\/\/liraodonto.com.br\/es\/wp-json\/wp\/v2\/pages\/209\/revisions\/5454"}],"up":[{"embeddable":true,"href":"https:\/\/liraodonto.com.br\/es\/wp-json\/wp\/v2\/pages\/90"}],"wp:featuredmedia":[{"embeddable":true,"href":"https:\/\/liraodonto.com.br\/es\/wp-json\/wp\/v2\/media\/5032"}],"wp:attachment":[{"href":"https:\/\/liraodonto.com.br\/es\/wp-json\/wp\/v2\/media?parent=209"}],"curies":[{"name":"wp","href":"https:\/\/api.w.org\/{rel}","templated":true}]}}