{"id":2293,"date":"2016-06-27T19:23:05","date_gmt":"2016-06-27T19:23:05","guid":{"rendered":"https:\/\/liraodonto.com.br\/aprova\/?page_id=2293"},"modified":"2026-03-31T11:05:38","modified_gmt":"2026-03-31T14:05:38","slug":"lira-odonto-alto-de-pinheiros","status":"publish","type":"page","link":"https:\/\/liraodonto.com.br\/es\/unidades\/lira-odonto-alto-de-pinheiros\/","title":{"rendered":"Lira Odonto Alto de Pinheiros"},"content":{"rendered":"\n\n\t<p>CROSP CL 11624 &#8211;\u00a0Respons\u00e1vel t\u00e9cnico: Dr. Sergio da Cunha Ribeiro &#8211; CROSP 40.274<\/p>\n<p><a href=\"https:\/\/liraodonto.com.br\/agende-uma-consulta\/\" class=\"wm-button size-large button\">AGENDE UMA CONSULTA<\/a><\/p>\n\t<h3><strong>Como chegar?<\/strong><\/h3>\n<p>Travessa da Pra\u00e7a Pan Americana,\u00a0na altura do n\u00famero 150.<\/p>\n[google_maps id=&#8221;2296&#8243;]\n<p><a href=\"https:\/\/www.google.com\/maps\/place\/Av.+S%C3%A3o+Gualter,+1008+-+Alto+de+Pinheiros,+S%C3%A3o+Paulo+-+SP,+05455-001\/@-23.5441024,-46.7139872,17z\/data=!3m1!4b1!4m6!3m5!1s0x94ce562d06d760c3:0x26ebff925113a2aa!8m2!3d-23.5441073!4d-46.7114123!16s%2Fg%2F11cncnb5y0!5m1!1e1?entry=ttu&#038;g_ep=EgoyMDI2MDMyMy4xIKXMDSoASAFQAw%3D%3D\" class=\"wm-button size-small button\" target=\"_blank\">Tra\u00e7ar Rota<\/a><\/p>\n\t<h2>Corpo Cl\u00ednico<\/h2>\n<p>Contamos com uma equipe multidisciplinar pronta para atend\u00ea-lo.<br \/>Confira os profissionais que atendem nessa unidade:<\/p>\n<div class=\"wm-posts wm-posts-wrap clearfix wm-posts-wm_staff wm-posts-layout-default posts\"><div class=\"wm-posts-container wm-items-container with-margin\" data-columns=\"3\" data-time=\"0\" data-layout-mode=\"masonry\"><div class=\"wm-row with-margin\">\n<div class=\"wm-posts-item wm-posts-item-5418 wm-column width-1-3 with-margin has-thumbnail\">\n\n\t\n\n<article id=\"post-5418\" class=\"post-5418 wm_staff type-wm_staff status-publish has-post-thumbnail hentry tag-ap staff_department-especialista-apcd staff_position-corpo-clinico entry\">\n\n\t\n\t\t<div class=\"wm-posts-element wm-html-element image image-container\">\n\t\t\t<a href=\"https:\/\/liraodonto.com.br\/es\/profissionais\/dra-beatriz-moratto-2\/\" rel=\"bookmark\"><img loading=\"lazy\" decoding=\"async\" width=\"448\" height=\"448\" src=\"https:\/\/liraodonto.com.br\/wp-content\/uploads\/2026\/03\/WhatsApp-Image-2026-03-27-at-08.35.23-448x448.jpeg\" class=\"attachment-polyclinic-square size-polyclinic-square wp-post-image\" alt=\"\" title=\"WhatsApp Image 2026-03-27 at 08.35.23\" \/><\/a>\t\t<\/div>\n\n\t\t\n\t<div class=\"wm-posts-elements-wrapper\">\n\n\t\t<div class=\"wm-posts-element wm-html-element title\">\n\t\t\t<h6>\n\t\t\t\t<a href=\"https:\/\/liraodonto.com.br\/es\/profissionais\/dra-beatriz-moratto-2\/\" rel=\"bookmark\">Dr\u00aa. Beatriz Moratto<\/a>\t\t\t<\/h6>\n\t\t<\/div>\n\n\t\t\n\t\t\t<div class=\"wm-posts-element wm-html-element taxonomy taxonomy-staff_department\">\n\t\t\t\t<span class=\"taxonomy-name\">Department: <\/span>\n\t\t\t\t<span class=\"term term-staff_department term-especialista-apcd\">Especialista - APCD<\/span>\t\t\t<\/div>\n\n\t\t\t\n\t\t\n\t<\/div>\n\n\t\n<\/article>\n\n\n<\/div>\n\n<div class=\"wm-posts-item wm-posts-item-4631 wm-column width-1-3 with-margin alt has-thumbnail\">\n\n\t\n\n<article id=\"post-4631\" class=\"post-4631 wm_staff type-wm_staff status-publish has-post-thumbnail hentry tag-ap staff_department-doutora-usp staff_position-corpo-clinico entry\">\n\n\t\n\t\t<div class=\"wm-posts-element wm-html-element image image-container\">\n\t\t\t<a href=\"https:\/\/liraodonto.com.br\/es\/profissionais\/dra-laura-pontes\/\" rel=\"bookmark\"><img loading=\"lazy\" decoding=\"async\" width=\"448\" height=\"448\" src=\"https:\/\/liraodonto.com.br\/wp-content\/uploads\/2019\/09\/Laura-448x448.jpg\" class=\"attachment-polyclinic-square size-polyclinic-square wp-post-image\" alt=\"\" title=\"Laura\" \/><\/a>\t\t<\/div>\n\n\t\t\n\t<div class=\"wm-posts-elements-wrapper\">\n\n\t\t<div class=\"wm-posts-element wm-html-element title\">\n\t\t\t<h6>\n\t\t\t\t<a href=\"https:\/\/liraodonto.com.br\/es\/profissionais\/dra-laura-pontes\/\" rel=\"bookmark\">Dr\u00aa. Laura Pontes<\/a>\t\t\t<\/h6>\n\t\t<\/div>\n\n\t\t\n\t\t\t<div class=\"wm-posts-element wm-html-element taxonomy taxonomy-staff_department\">\n\t\t\t\t<span class=\"taxonomy-name\">Department: <\/span>\n\t\t\t\t<span class=\"term term-staff_department term-doutora-usp\">Doutora - USP<\/span>\t\t\t<\/div>\n\n\t\t\t\n\t\t\n\t<\/div>\n\n\t\n<\/article>\n\n\n<\/div>\n\n<div class=\"wm-posts-item wm-posts-item-4625 wm-column width-1-3 with-margin last has-thumbnail\">\n\n\t\n\n<article id=\"post-4625\" class=\"post-4625 wm_staff type-wm_staff status-publish has-post-thumbnail hentry tag-ap staff_department-graduacao-usp staff_position-corpo-clinico entry\">\n\n\t\n\t\t<div class=\"wm-posts-element wm-html-element image image-container\">\n\t\t\t<a href=\"https:\/\/liraodonto.com.br\/es\/profissionais\/dra-laura-barco\/\" rel=\"bookmark\"><img loading=\"lazy\" decoding=\"async\" width=\"448\" height=\"448\" src=\"https:\/\/liraodonto.com.br\/wp-content\/uploads\/2019\/09\/dra_laura_barco_2-448x448.jpg\" class=\"attachment-polyclinic-square size-polyclinic-square wp-post-image\" alt=\"\" title=\"dra_laura_barco_2\" srcset=\"https:\/\/liraodonto.com.br\/wp-content\/uploads\/2019\/09\/dra_laura_barco_2-448x448.jpg 448w, https:\/\/liraodonto.com.br\/wp-content\/uploads\/2019\/09\/dra_laura_barco_2.jpg 542w\" sizes=\"auto, (max-width: 448px) 100vw, 448px\" \/><\/a>\t\t<\/div>\n\n\t\t\n\t<div class=\"wm-posts-elements-wrapper\">\n\n\t\t<div class=\"wm-posts-element wm-html-element title\">\n\t\t\t<h6>\n\t\t\t\t<a href=\"https:\/\/liraodonto.com.br\/es\/profissionais\/dra-laura-barco\/\" rel=\"bookmark\">Dr\u00aa. Laura Barco<\/a>\t\t\t<\/h6>\n\t\t<\/div>\n\n\t\t\n\t\t\t<div class=\"wm-posts-element wm-html-element taxonomy taxonomy-staff_department\">\n\t\t\t\t<span class=\"taxonomy-name\">Department: <\/span>\n\t\t\t\t<span class=\"term term-staff_department term-graduacao-usp\">Gradua\u00e7\u00e3o - USP<\/span>\t\t\t<\/div>\n\n\t\t\t\n\t\t\n\t<\/div>\n\n\t\n<\/article>\n\n\n<\/div>\n<\/div><div class=\"wm-row with-margin\">\n<div class=\"wm-posts-item wm-posts-item-4111 wm-column width-1-3 with-margin alt has-thumbnail\">\n\n\t\n\n<article id=\"post-4111\" class=\"post-4111 wm_staff type-wm_staff status-publish has-post-thumbnail hentry tag-ap tag-up staff_department-clinica-geral staff_department-graduacao-usp staff_position-corpo-clinico entry\">\n\n\t\n\t\t<div class=\"wm-posts-element wm-html-element image image-container\">\n\t\t\t<a href=\"https:\/\/liraodonto.com.br\/es\/profissionais\/dra-gabriella-ribas\/\" rel=\"bookmark\"><img loading=\"lazy\" decoding=\"async\" width=\"352\" height=\"370\" src=\"https:\/\/liraodonto.com.br\/wp-content\/uploads\/2018\/12\/PHOTO-2018-12-05-16-33-12.jpg\" class=\"attachment-polyclinic-square size-polyclinic-square wp-post-image\" alt=\"\" title=\"PHOTO-2018-12-05-16-33-12\" \/><\/a>\t\t<\/div>\n\n\t\t\n\t<div class=\"wm-posts-elements-wrapper\">\n\n\t\t<div class=\"wm-posts-element wm-html-element title\">\n\t\t\t<h6>\n\t\t\t\t<a href=\"https:\/\/liraodonto.com.br\/es\/profissionais\/dra-gabriella-ribas\/\" rel=\"bookmark\">Dr\u00aa. Gabriella Ribas<\/a>\t\t\t<\/h6>\n\t\t<\/div>\n\n\t\t\n\t\t\t<div class=\"wm-posts-element wm-html-element taxonomy taxonomy-staff_department\">\n\t\t\t\t<span class=\"taxonomy-name\">Department: <\/span>\n\t\t\t\t<span class=\"term term-staff_department term-clinica-geral\">Clinica Geral<\/span>, <span class=\"term term-staff_department term-graduacao-usp\">Gradua\u00e7\u00e3o - USP<\/span>\t\t\t<\/div>\n\n\t\t\t\n\t\t\n\t<\/div>\n\n\t\n<\/article>\n\n\n<\/div>\n\n<div class=\"wm-posts-item wm-posts-item-2113 wm-column width-1-3 with-margin has-thumbnail\">\n\n\t\n\n<article id=\"post-2113\" class=\"post-2113 wm_staff type-wm_staff status-publish has-post-thumbnail hentry tag-ap tag-up staff_department-especialista-unip staff_position-corpo-clinico entry\">\n\n\t\n\t\t<div class=\"wm-posts-element wm-html-element image image-container\">\n\t\t\t<a href=\"https:\/\/liraodonto.com.br\/es\/profissionais\/dr-davis-sasahara\/\" rel=\"bookmark\"><img loading=\"lazy\" decoding=\"async\" width=\"448\" height=\"448\" src=\"https:\/\/liraodonto.com.br\/wp-content\/uploads\/2016\/06\/davis_sasahara-448x448.jpg\" class=\"attachment-polyclinic-square size-polyclinic-square wp-post-image\" alt=\"\" title=\"davis_sasahara\" srcset=\"https:\/\/liraodonto.com.br\/wp-content\/uploads\/2016\/06\/davis_sasahara-448x448.jpg 448w, https:\/\/liraodonto.com.br\/wp-content\/uploads\/2016\/06\/davis_sasahara-100x100.jpg 100w, https:\/\/liraodonto.com.br\/wp-content\/uploads\/2016\/06\/davis_sasahara.jpg 600w\" sizes=\"auto, (max-width: 448px) 100vw, 448px\" \/><\/a>\t\t<\/div>\n\n\t\t\n\t<div class=\"wm-posts-elements-wrapper\">\n\n\t\t<div class=\"wm-posts-element wm-html-element title\">\n\t\t\t<h6>\n\t\t\t\t<a href=\"https:\/\/liraodonto.com.br\/es\/profissionais\/dr-davis-sasahara\/\" rel=\"bookmark\">Dr. Davis Sasahara<\/a>\t\t\t<\/h6>\n\t\t<\/div>\n\n\t\t\n\t\t\t<div class=\"wm-posts-element wm-html-element taxonomy taxonomy-staff_department\">\n\t\t\t\t<span class=\"taxonomy-name\">Department: <\/span>\n\t\t\t\t<span class=\"term term-staff_department term-especialista-unip\">Especialista - UNIP<\/span>\t\t\t<\/div>\n\n\t\t\t\n\t\t\n\t<\/div>\n\n\t\n<\/article>\n\n\n<\/div>\n\n<div class=\"wm-posts-item wm-posts-item-2121 wm-column width-1-3 with-margin alt last has-thumbnail\">\n\n\t\n\n<article id=\"post-2121\" class=\"post-2121 wm_staff type-wm_staff status-publish has-post-thumbnail hentry tag-ap tag-up staff_department-clinica-geral staff_department-graduacao-foc-rj staff_position-corpo-clinico entry\">\n\n\t\n\t\t<div class=\"wm-posts-element wm-html-element image image-container\">\n\t\t\t<a href=\"https:\/\/liraodonto.com.br\/es\/profissionais\/dra-laura-c-rolim-ferraz\/\" rel=\"bookmark\"><img loading=\"lazy\" decoding=\"async\" width=\"448\" height=\"448\" src=\"https:\/\/liraodonto.com.br\/wp-content\/uploads\/2016\/06\/laura-448x448.jpg\" class=\"attachment-polyclinic-square size-polyclinic-square wp-post-image\" alt=\"\" title=\"laura\" srcset=\"https:\/\/liraodonto.com.br\/wp-content\/uploads\/2016\/06\/laura-448x448.jpg 448w, https:\/\/liraodonto.com.br\/wp-content\/uploads\/2016\/06\/laura-100x100.jpg 100w, https:\/\/liraodonto.com.br\/wp-content\/uploads\/2016\/06\/laura.jpg 600w\" sizes=\"auto, (max-width: 448px) 100vw, 448px\" \/><\/a>\t\t<\/div>\n\n\t\t\n\t<div class=\"wm-posts-elements-wrapper\">\n\n\t\t<div class=\"wm-posts-element wm-html-element title\">\n\t\t\t<h6>\n\t\t\t\t<a href=\"https:\/\/liraodonto.com.br\/es\/profissionais\/dra-laura-c-rolim-ferraz\/\" rel=\"bookmark\">Dr\u00aa. Laura C. Rolim Ferraz<\/a>\t\t\t<\/h6>\n\t\t<\/div>\n\n\t\t\n\t\t\t<div class=\"wm-posts-element wm-html-element taxonomy taxonomy-staff_department\">\n\t\t\t\t<span class=\"taxonomy-name\">Department: <\/span>\n\t\t\t\t<span class=\"term term-staff_department term-clinica-geral\">Clinica Geral<\/span>, <span class=\"term term-staff_department term-graduacao-foc-rj\">Gradua\u00e7\u00e3o FOC-RJ<\/span>\t\t\t<\/div>\n\n\t\t\t\n\t\t\n\t<\/div>\n\n\t\n<\/article>\n\n\n<\/div>\n<\/div><div class=\"wm-row with-margin\">\n<div class=\"wm-posts-item wm-posts-item-2123 wm-column width-1-3 with-margin has-thumbnail\">\n\n\t\n\n<article id=\"post-2123\" class=\"post-2123 wm_staff type-wm_staff status-publish has-post-thumbnail hentry tag-ap staff_department-especialista-abe-sp staff_position-corpo-clinico entry\">\n\n\t\n\t\t<div class=\"wm-posts-element wm-html-element image image-container\">\n\t\t\t<a href=\"https:\/\/liraodonto.com.br\/es\/profissionais\/dra-luciana-contreira\/\" rel=\"bookmark\"><img loading=\"lazy\" decoding=\"async\" width=\"448\" height=\"448\" src=\"https:\/\/liraodonto.com.br\/wp-content\/uploads\/2016\/06\/luciana_queiros-448x448.jpg\" class=\"attachment-polyclinic-square size-polyclinic-square wp-post-image\" alt=\"\" title=\"luciana_queiros\" srcset=\"https:\/\/liraodonto.com.br\/wp-content\/uploads\/2016\/06\/luciana_queiros-448x448.jpg 448w, https:\/\/liraodonto.com.br\/wp-content\/uploads\/2016\/06\/luciana_queiros-100x100.jpg 100w, https:\/\/liraodonto.com.br\/wp-content\/uploads\/2016\/06\/luciana_queiros.jpg 600w\" sizes=\"auto, (max-width: 448px) 100vw, 448px\" \/><\/a>\t\t<\/div>\n\n\t\t\n\t<div class=\"wm-posts-elements-wrapper\">\n\n\t\t<div class=\"wm-posts-element wm-html-element title\">\n\t\t\t<h6>\n\t\t\t\t<a href=\"https:\/\/liraodonto.com.br\/es\/profissionais\/dra-luciana-contreira\/\" rel=\"bookmark\">Dr\u00aa. Luciana Contreira<\/a>\t\t\t<\/h6>\n\t\t<\/div>\n\n\t\t\n\t\t\t<div class=\"wm-posts-element wm-html-element taxonomy taxonomy-staff_department\">\n\t\t\t\t<span class=\"taxonomy-name\">Department: <\/span>\n\t\t\t\t<span class=\"term term-staff_department term-especialista-abe-sp\">Especialista - ABE - SP<\/span>\t\t\t<\/div>\n\n\t\t\t\n\t\t\n\t<\/div>\n\n\t\n<\/article>\n\n\n<\/div>\n\n<div class=\"wm-posts-item wm-posts-item-3212 wm-column width-1-3 with-margin alt has-thumbnail\">\n\n\t\n\n<article id=\"post-3212\" class=\"post-3212 wm_staff type-wm_staff status-publish has-post-thumbnail hentry tag-ap tag-up staff_department-doutora-usp staff_position-corpo-clinico entry\">\n\n\t\n\t\t<div class=\"wm-posts-element wm-html-element image image-container\">\n\t\t\t<a href=\"https:\/\/liraodonto.com.br\/es\/profissionais\/dra-patricia-veronica-aulestia-viera\/\" rel=\"bookmark\"><img loading=\"lazy\" decoding=\"async\" width=\"448\" height=\"448\" src=\"https:\/\/liraodonto.com.br\/wp-content\/uploads\/2017\/03\/patricia-448x448.jpg\" class=\"attachment-polyclinic-square size-polyclinic-square wp-post-image\" alt=\"\" title=\"patricia\" srcset=\"https:\/\/liraodonto.com.br\/wp-content\/uploads\/2017\/03\/patricia-448x448.jpg 448w, https:\/\/liraodonto.com.br\/wp-content\/uploads\/2017\/03\/patricia.jpg 600w\" sizes=\"auto, (max-width: 448px) 100vw, 448px\" \/><\/a>\t\t<\/div>\n\n\t\t\n\t<div class=\"wm-posts-elements-wrapper\">\n\n\t\t<div class=\"wm-posts-element wm-html-element title\">\n\t\t\t<h6>\n\t\t\t\t<a href=\"https:\/\/liraodonto.com.br\/es\/profissionais\/dra-patricia-veronica-aulestia-viera\/\" rel=\"bookmark\">Dr\u00aa. Patr\u00edcia Ver\u00f3nica Aulestia Viera<\/a>\t\t\t<\/h6>\n\t\t<\/div>\n\n\t\t\n\t\t\t<div class=\"wm-posts-element wm-html-element taxonomy taxonomy-staff_department\">\n\t\t\t\t<span class=\"taxonomy-name\">Department: <\/span>\n\t\t\t\t<span class=\"term term-staff_department term-doutora-usp\">Doutora - USP<\/span>\t\t\t<\/div>\n\n\t\t\t\n\t\t\n\t<\/div>\n\n\t\n<\/article>\n\n\n<\/div>\n\n<div class=\"wm-posts-item wm-posts-item-2111 wm-column width-1-3 with-margin last has-thumbnail\">\n\n\t\n\n<article id=\"post-2111\" class=\"post-2111 wm_staff type-wm_staff status-publish has-post-thumbnail hentry tag-ap tag-up staff_department-mestre-icb-usp staff_position-corpo-clinico entry\">\n\n\t\n\t\t<div class=\"wm-posts-element wm-html-element image image-container\">\n\t\t\t<a href=\"https:\/\/liraodonto.com.br\/es\/profissionais\/dr-daniel-anzai\/\" rel=\"bookmark\"><img loading=\"lazy\" decoding=\"async\" width=\"448\" height=\"448\" src=\"https:\/\/liraodonto.com.br\/wp-content\/uploads\/2016\/06\/daniel_anzai-448x448.jpg\" class=\"attachment-polyclinic-square size-polyclinic-square wp-post-image\" alt=\"\" title=\"daniel_anzai\" srcset=\"https:\/\/liraodonto.com.br\/wp-content\/uploads\/2016\/06\/daniel_anzai-448x448.jpg 448w, https:\/\/liraodonto.com.br\/wp-content\/uploads\/2016\/06\/daniel_anzai-100x100.jpg 100w, https:\/\/liraodonto.com.br\/wp-content\/uploads\/2016\/06\/daniel_anzai.jpg 600w\" sizes=\"auto, (max-width: 448px) 100vw, 448px\" \/><\/a>\t\t<\/div>\n\n\t\t\n\t<div class=\"wm-posts-elements-wrapper\">\n\n\t\t<div class=\"wm-posts-element wm-html-element title\">\n\t\t\t<h6>\n\t\t\t\t<a href=\"https:\/\/liraodonto.com.br\/es\/profissionais\/dr-daniel-anzai\/\" rel=\"bookmark\">Dr. Daniel Anzai<\/a>\t\t\t<\/h6>\n\t\t<\/div>\n\n\t\t\n\t\t\t<div class=\"wm-posts-element wm-html-element taxonomy taxonomy-staff_department\">\n\t\t\t\t<span class=\"taxonomy-name\">Department: <\/span>\n\t\t\t\t<span class=\"term term-staff_department term-mestre-icb-usp\">Mestre - ICB-USP<\/span>\t\t\t<\/div>\n\n\t\t\t\n\t\t\n\t<\/div>\n\n\t\n<\/article>\n\n\n<\/div>\n<\/div><div class=\"wm-row with-margin\">\n<div class=\"wm-posts-item wm-posts-item-2133 wm-column width-1-3 with-margin alt has-thumbnail\">\n\n\t\n\n<article id=\"post-2133\" class=\"post-2133 wm_staff type-wm_staff status-publish has-post-thumbnail hentry tag-ap staff_department-especialista-unicastelo staff_position-corpo-clinico entry\">\n\n\t\n\t\t<div class=\"wm-posts-element wm-html-element image image-container\">\n\t\t\t<a href=\"https:\/\/liraodonto.com.br\/es\/profissionais\/dra-sandra-yamamoto\/\" rel=\"bookmark\"><img loading=\"lazy\" decoding=\"async\" width=\"448\" height=\"448\" src=\"https:\/\/liraodonto.com.br\/wp-content\/uploads\/2016\/09\/sandra_yamamoto_t-448x448.jpg\" class=\"attachment-polyclinic-square size-polyclinic-square wp-post-image\" alt=\"Sandra Yamamoto\" title=\"sandra_yamamoto_t\" srcset=\"https:\/\/liraodonto.com.br\/wp-content\/uploads\/2016\/09\/sandra_yamamoto_t-448x448.jpg 448w, https:\/\/liraodonto.com.br\/wp-content\/uploads\/2016\/09\/sandra_yamamoto_t.jpg 600w\" sizes=\"auto, (max-width: 448px) 100vw, 448px\" \/><\/a>\t\t<\/div>\n\n\t\t\n\t<div class=\"wm-posts-elements-wrapper\">\n\n\t\t<div class=\"wm-posts-element wm-html-element title\">\n\t\t\t<h6>\n\t\t\t\t<a href=\"https:\/\/liraodonto.com.br\/es\/profissionais\/dra-sandra-yamamoto\/\" rel=\"bookmark\">Dr\u00aa. Sandra Yamamoto<\/a>\t\t\t<\/h6>\n\t\t<\/div>\n\n\t\t\n\t\t\t<div class=\"wm-posts-element wm-html-element taxonomy taxonomy-staff_department\">\n\t\t\t\t<span class=\"taxonomy-name\">Department: <\/span>\n\t\t\t\t<span class=\"term term-staff_department term-especialista-unicastelo\">Especialista - UNICASTELO<\/span>\t\t\t<\/div>\n\n\t\t\t\n\t\t\n\t<\/div>\n\n\t\n<\/article>\n\n\n<\/div>\n\n<div class=\"wm-posts-item wm-posts-item-2147 wm-column width-1-3 with-margin has-thumbnail\">\n\n\t\n\n<article id=\"post-2147\" class=\"post-2147 wm_staff type-wm_staff status-publish has-post-thumbnail hentry tag-ap staff_department-mestre-sao-leopoldo-mandic staff_position-cordenacao entry\">\n\n\t\n\t\t<div class=\"wm-posts-element wm-html-element image image-container\">\n\t\t\t<a href=\"https:\/\/liraodonto.com.br\/es\/profissionais\/dr-sergio-da-cunha-ribeiro\/\" rel=\"bookmark\"><img loading=\"lazy\" decoding=\"async\" width=\"448\" height=\"448\" src=\"https:\/\/liraodonto.com.br\/wp-content\/uploads\/2016\/06\/sergio_ribeiro-448x448.jpg\" class=\"attachment-polyclinic-square size-polyclinic-square wp-post-image\" alt=\"\" title=\"sergio_ribeiro\" srcset=\"https:\/\/liraodonto.com.br\/wp-content\/uploads\/2016\/06\/sergio_ribeiro-448x448.jpg 448w, https:\/\/liraodonto.com.br\/wp-content\/uploads\/2016\/06\/sergio_ribeiro-100x100.jpg 100w, https:\/\/liraodonto.com.br\/wp-content\/uploads\/2016\/06\/sergio_ribeiro.jpg 600w\" sizes=\"auto, (max-width: 448px) 100vw, 448px\" \/><\/a>\t\t<\/div>\n\n\t\t\n\t<div class=\"wm-posts-elements-wrapper\">\n\n\t\t<div class=\"wm-posts-element wm-html-element title\">\n\t\t\t<h6>\n\t\t\t\t<a href=\"https:\/\/liraodonto.com.br\/es\/profissionais\/dr-sergio-da-cunha-ribeiro\/\" rel=\"bookmark\">Dr. S\u00e9rgio da Cunha Ribeiro<\/a>\t\t\t<\/h6>\n\t\t<\/div>\n\n\t\t\n\t\t\t<div class=\"wm-posts-element wm-html-element taxonomy taxonomy-staff_department\">\n\t\t\t\t<span class=\"taxonomy-name\">Department: <\/span>\n\t\t\t\t<span class=\"term term-staff_department term-mestre-sao-leopoldo-mandic\">Mestre - S\u00e3o Leopoldo Mandic<\/span>\t\t\t<\/div>\n\n\t\t\t\n\t\t\n\t<\/div>\n\n\t\n<\/article>\n\n\n<\/div>\n\n<div class=\"wm-posts-item wm-posts-item-2141 wm-column width-1-3 with-margin alt last has-thumbnail\">\n\n\t\n\n<article id=\"post-2141\" class=\"post-2141 wm_staff type-wm_staff status-publish has-post-thumbnail hentry tag-ap staff_department-mestre-usp staff_position-cordenacao entry\">\n\n\t\n\t\t<div class=\"wm-posts-element wm-html-element image image-container\">\n\t\t\t<a href=\"https:\/\/liraodonto.com.br\/es\/profissionais\/dra-roberta-sasahara\/\" rel=\"bookmark\"><img loading=\"lazy\" decoding=\"async\" width=\"448\" height=\"448\" src=\"https:\/\/liraodonto.com.br\/wp-content\/uploads\/2016\/06\/roberta_sasahara-448x448.jpg\" class=\"attachment-polyclinic-square size-polyclinic-square wp-post-image\" alt=\"\" title=\"roberta_sasahara\" srcset=\"https:\/\/liraodonto.com.br\/wp-content\/uploads\/2016\/06\/roberta_sasahara-448x448.jpg 448w, https:\/\/liraodonto.com.br\/wp-content\/uploads\/2016\/06\/roberta_sasahara-100x100.jpg 100w, https:\/\/liraodonto.com.br\/wp-content\/uploads\/2016\/06\/roberta_sasahara.jpg 600w\" sizes=\"auto, (max-width: 448px) 100vw, 448px\" \/><\/a>\t\t<\/div>\n\n\t\t\n\t<div class=\"wm-posts-elements-wrapper\">\n\n\t\t<div class=\"wm-posts-element wm-html-element title\">\n\t\t\t<h6>\n\t\t\t\t<a href=\"https:\/\/liraodonto.com.br\/es\/profissionais\/dra-roberta-sasahara\/\" rel=\"bookmark\">Dr\u00aa. Roberta Sasahara<\/a>\t\t\t<\/h6>\n\t\t<\/div>\n\n\t\t\n\t\t\t<div class=\"wm-posts-element wm-html-element taxonomy taxonomy-staff_department\">\n\t\t\t\t<span class=\"taxonomy-name\">Department: <\/span>\n\t\t\t\t<span class=\"term term-staff_department term-mestre-usp\">Mestre - USP<\/span>\t\t\t<\/div>\n\n\t\t\t\n\t\t\n\t<\/div>\n\n\t\n<\/article>\n\n\n<\/div>\n<\/div><div class=\"wm-row with-margin\">\n<div class=\"wm-posts-item wm-posts-item-2150 wm-column width-1-3 with-margin has-thumbnail\">\n\n\t\n\n<article id=\"post-2150\" class=\"post-2150 wm_staff type-wm_staff status-publish has-post-thumbnail hentry tag-ap tag-up staff_department-doutor-usp staff_position-diretor-clinico entry\">\n\n\t\n\t\t<div class=\"wm-posts-element wm-html-element image image-container\">\n\t\t\t<a href=\"https:\/\/liraodonto.com.br\/es\/profissionais\/prof-dr-fernando-da-cunha-ribeiro\/\" rel=\"bookmark\"><img loading=\"lazy\" decoding=\"async\" width=\"448\" height=\"448\" src=\"https:\/\/liraodonto.com.br\/wp-content\/uploads\/2016\/09\/drfernando_ribeiro-448x448.jpg\" class=\"attachment-polyclinic-square size-polyclinic-square wp-post-image\" alt=\"\" title=\"drfernando_ribeiro\" srcset=\"https:\/\/liraodonto.com.br\/wp-content\/uploads\/2016\/09\/drfernando_ribeiro-448x448.jpg 448w, https:\/\/liraodonto.com.br\/wp-content\/uploads\/2016\/09\/drfernando_ribeiro.jpg 600w\" sizes=\"auto, (max-width: 448px) 100vw, 448px\" \/><\/a>\t\t<\/div>\n\n\t\t\n\t<div class=\"wm-posts-elements-wrapper\">\n\n\t\t<div class=\"wm-posts-element wm-html-element title\">\n\t\t\t<h6>\n\t\t\t\t<a href=\"https:\/\/liraodonto.com.br\/es\/profissionais\/prof-dr-fernando-da-cunha-ribeiro\/\" rel=\"bookmark\">Prof. Dr. Fernando da Cunha Ribeiro<\/a>\t\t\t<\/h6>\n\t\t<\/div>\n\n\t\t\n\t\t\t<div class=\"wm-posts-element wm-html-element taxonomy taxonomy-staff_department\">\n\t\t\t\t<span class=\"taxonomy-name\">Department: <\/span>\n\t\t\t\t<span class=\"term term-staff_department term-doutor-usp\">Doutor - USP<\/span>\t\t\t<\/div>\n\n\t\t\t\n\t\t\n\t<\/div>\n\n\t\n<\/article>\n\n\n<\/div>\n<\/div><\/div><\/div>\n","protected":false},"excerpt":{"rendered":"<div class=\"entry-summary\">\n<div class=\"entry-summary\">\nDiretor Cl\u00ednico Prof. Dr. Fernando da Cunha Ribeiro Cl\u00ednico Geral, Dent\u00edstica, Pr\u00f3tese Dent\u00e1ria, DTM CROSP 21257 Forma\u00e7\u00e3o Prof.&hellip;\n<\/div>\n<\/div>","protected":false},"author":1,"featured_media":2704,"parent":90,"menu_order":4,"comment_status":"closed","ping_status":"closed","template":"","meta":{"_acf_changed":false,"_monsterinsights_skip_tracking":false,"_monsterinsights_sitenote_active":false,"_monsterinsights_sitenote_note":"","_monsterinsights_sitenote_category":0,"_joinchat":[],"footnotes":""},"class_list":["post-2293","page","type-page","status-publish","has-post-thumbnail","hentry","entry"],"acf":[],"yoast_head":"<!-- This site is optimized with the Yoast SEO plugin v27.5 - https:\/\/yoast.com\/product\/yoast-seo-wordpress\/ -->\n<title>Lira Odonto Alto de Pinheiros - Lira Odonto<\/title>\n<meta name=\"robots\" content=\"index, follow, max-snippet:-1, max-image-preview:large, max-video-preview:-1\" \/>\n<link rel=\"canonical\" href=\"https:\/\/liraodonto.com.br\/es\/unidades\/lira-odonto-alto-de-pinheiros\/\" \/>\n<meta property=\"og:locale\" content=\"es_ES\" \/>\n<meta property=\"og:type\" content=\"article\" \/>\n<meta property=\"og:title\" content=\"Lira Odonto Alto de Pinheiros - Lira Odonto\" \/>\n<meta property=\"og:description\" content=\"Av. S\u00e3o Gualter, 1008  Alto de Pinheiros, S\u00e3o Paulo - SP CEP 05455-001 Tel.: (11) 2574-0958\" \/>\n<meta property=\"og:url\" content=\"https:\/\/liraodonto.com.br\/es\/unidades\/lira-odonto-alto-de-pinheiros\/\" \/>\n<meta property=\"og:site_name\" content=\"Lira Odonto\" \/>\n<meta property=\"article:publisher\" content=\"https:\/\/www.facebook.com\/liraodonto\/\" \/>\n<meta property=\"article:modified_time\" content=\"2026-03-31T14:05:38+00:00\" \/>\n<meta property=\"og:image\" content=\"https:\/\/liraodonto.com.br\/wp-content\/uploads\/2016\/06\/liraodonto_altodepinheiros_head.jpg\" \/>\n\t<meta property=\"og:image:width\" content=\"1640\" \/>\n\t<meta property=\"og:image:height\" content=\"547\" \/>\n\t<meta property=\"og:image:type\" content=\"image\/jpeg\" \/>\n<meta name=\"twitter:card\" content=\"summary_large_image\" \/>\n<meta name=\"twitter:label1\" content=\"Tiempo de lectura\" \/>\n\t<meta name=\"twitter:data1\" content=\"3 minutos\" \/>\n<script type=\"application\/ld+json\" class=\"yoast-schema-graph\">{\"@context\":\"https:\\\/\\\/schema.org\",\"@graph\":[{\"@type\":\"WebPage\",\"@id\":\"https:\\\/\\\/liraodonto.com.br\\\/unidades\\\/lira-odonto-alto-de-pinheiros\\\/\",\"url\":\"https:\\\/\\\/liraodonto.com.br\\\/unidades\\\/lira-odonto-alto-de-pinheiros\\\/\",\"name\":\"Lira Odonto Alto de Pinheiros - Lira Odonto\",\"isPartOf\":{\"@id\":\"https:\\\/\\\/liraodonto.com.br\\\/#website\"},\"primaryImageOfPage\":{\"@id\":\"https:\\\/\\\/liraodonto.com.br\\\/unidades\\\/lira-odonto-alto-de-pinheiros\\\/#primaryimage\"},\"image\":{\"@id\":\"https:\\\/\\\/liraodonto.com.br\\\/unidades\\\/lira-odonto-alto-de-pinheiros\\\/#primaryimage\"},\"thumbnailUrl\":\"https:\\\/\\\/liraodonto.com.br\\\/wp-content\\\/uploads\\\/2016\\\/06\\\/liraodonto_altodepinheiros_head.jpg\",\"datePublished\":\"2016-06-27T19:23:05+00:00\",\"dateModified\":\"2026-03-31T14:05:38+00:00\",\"breadcrumb\":{\"@id\":\"https:\\\/\\\/liraodonto.com.br\\\/unidades\\\/lira-odonto-alto-de-pinheiros\\\/#breadcrumb\"},\"inLanguage\":\"es\",\"potentialAction\":[{\"@type\":\"ReadAction\",\"target\":[\"https:\\\/\\\/liraodonto.com.br\\\/unidades\\\/lira-odonto-alto-de-pinheiros\\\/\"]}]},{\"@type\":\"ImageObject\",\"inLanguage\":\"es\",\"@id\":\"https:\\\/\\\/liraodonto.com.br\\\/unidades\\\/lira-odonto-alto-de-pinheiros\\\/#primaryimage\",\"url\":\"https:\\\/\\\/liraodonto.com.br\\\/wp-content\\\/uploads\\\/2016\\\/06\\\/liraodonto_altodepinheiros_head.jpg\",\"contentUrl\":\"https:\\\/\\\/liraodonto.com.br\\\/wp-content\\\/uploads\\\/2016\\\/06\\\/liraodonto_altodepinheiros_head.jpg\",\"width\":1640,\"height\":547},{\"@type\":\"BreadcrumbList\",\"@id\":\"https:\\\/\\\/liraodonto.com.br\\\/unidades\\\/lira-odonto-alto-de-pinheiros\\\/#breadcrumb\",\"itemListElement\":[{\"@type\":\"ListItem\",\"position\":1,\"name\":\"In\u00edcio\",\"item\":\"https:\\\/\\\/liraodonto.com.br\\\/\"},{\"@type\":\"ListItem\",\"position\":2,\"name\":\"Unidades\",\"item\":\"https:\\\/\\\/liraodonto.com.br\\\/unidades\\\/\"},{\"@type\":\"ListItem\",\"position\":3,\"name\":\"Lira Odonto Alto de Pinheiros\"}]},{\"@type\":\"WebSite\",\"@id\":\"https:\\\/\\\/liraodonto.com.br\\\/#website\",\"url\":\"https:\\\/\\\/liraodonto.com.br\\\/\",\"name\":\"Lira Odonto\",\"description\":\"\",\"publisher\":{\"@id\":\"https:\\\/\\\/liraodonto.com.br\\\/#organization\"},\"potentialAction\":[{\"@type\":\"SearchAction\",\"target\":{\"@type\":\"EntryPoint\",\"urlTemplate\":\"https:\\\/\\\/liraodonto.com.br\\\/?s={search_term_string}\"},\"query-input\":{\"@type\":\"PropertyValueSpecification\",\"valueRequired\":true,\"valueName\":\"search_term_string\"}}],\"inLanguage\":\"es\"},{\"@type\":\"Organization\",\"@id\":\"https:\\\/\\\/liraodonto.com.br\\\/#organization\",\"name\":\"Lira Odonto\",\"url\":\"https:\\\/\\\/liraodonto.com.br\\\/\",\"logo\":{\"@type\":\"ImageObject\",\"inLanguage\":\"es\",\"@id\":\"https:\\\/\\\/liraodonto.com.br\\\/#\\\/schema\\\/logo\\\/image\\\/\",\"url\":\"https:\\\/\\\/liraodonto.com.br\\\/wp-content\\\/uploads\\\/2016\\\/04\\\/cropped-cropped-lira_odonto_site.png\",\"contentUrl\":\"https:\\\/\\\/liraodonto.com.br\\\/wp-content\\\/uploads\\\/2016\\\/04\\\/cropped-cropped-lira_odonto_site.png\",\"width\":200,\"height\":46,\"caption\":\"Lira Odonto\"},\"image\":{\"@id\":\"https:\\\/\\\/liraodonto.com.br\\\/#\\\/schema\\\/logo\\\/image\\\/\"},\"sameAs\":[\"https:\\\/\\\/www.facebook.com\\\/liraodonto\\\/\",\"https:\\\/\\\/www.instagram.com\\\/liraodonto\\\/\"]}]}<\/script>\n<!-- \/ Yoast SEO plugin. -->","yoast_head_json":{"title":"Lira Odonto Alto de Pinheiros - Lira Odonto","robots":{"index":"index","follow":"follow","max-snippet":"max-snippet:-1","max-image-preview":"max-image-preview:large","max-video-preview":"max-video-preview:-1"},"canonical":"https:\/\/liraodonto.com.br\/es\/unidades\/lira-odonto-alto-de-pinheiros\/","og_locale":"es_ES","og_type":"article","og_title":"Lira Odonto Alto de Pinheiros - Lira Odonto","og_description":"Av. S\u00e3o Gualter, 1008  Alto de Pinheiros, S\u00e3o Paulo - SP CEP 05455-001 Tel.: (11) 2574-0958","og_url":"https:\/\/liraodonto.com.br\/es\/unidades\/lira-odonto-alto-de-pinheiros\/","og_site_name":"Lira Odonto","article_publisher":"https:\/\/www.facebook.com\/liraodonto\/","article_modified_time":"2026-03-31T14:05:38+00:00","og_image":[{"width":1640,"height":547,"url":"https:\/\/liraodonto.com.br\/wp-content\/uploads\/2016\/06\/liraodonto_altodepinheiros_head.jpg","type":"image\/jpeg"}],"twitter_card":"summary_large_image","twitter_misc":{"Tiempo de lectura":"3 minutos"},"schema":{"@context":"https:\/\/schema.org","@graph":[{"@type":"WebPage","@id":"https:\/\/liraodonto.com.br\/unidades\/lira-odonto-alto-de-pinheiros\/","url":"https:\/\/liraodonto.com.br\/unidades\/lira-odonto-alto-de-pinheiros\/","name":"Lira Odonto Alto de Pinheiros - Lira Odonto","isPartOf":{"@id":"https:\/\/liraodonto.com.br\/#website"},"primaryImageOfPage":{"@id":"https:\/\/liraodonto.com.br\/unidades\/lira-odonto-alto-de-pinheiros\/#primaryimage"},"image":{"@id":"https:\/\/liraodonto.com.br\/unidades\/lira-odonto-alto-de-pinheiros\/#primaryimage"},"thumbnailUrl":"https:\/\/liraodonto.com.br\/wp-content\/uploads\/2016\/06\/liraodonto_altodepinheiros_head.jpg","datePublished":"2016-06-27T19:23:05+00:00","dateModified":"2026-03-31T14:05:38+00:00","breadcrumb":{"@id":"https:\/\/liraodonto.com.br\/unidades\/lira-odonto-alto-de-pinheiros\/#breadcrumb"},"inLanguage":"es","potentialAction":[{"@type":"ReadAction","target":["https:\/\/liraodonto.com.br\/unidades\/lira-odonto-alto-de-pinheiros\/"]}]},{"@type":"ImageObject","inLanguage":"es","@id":"https:\/\/liraodonto.com.br\/unidades\/lira-odonto-alto-de-pinheiros\/#primaryimage","url":"https:\/\/liraodonto.com.br\/wp-content\/uploads\/2016\/06\/liraodonto_altodepinheiros_head.jpg","contentUrl":"https:\/\/liraodonto.com.br\/wp-content\/uploads\/2016\/06\/liraodonto_altodepinheiros_head.jpg","width":1640,"height":547},{"@type":"BreadcrumbList","@id":"https:\/\/liraodonto.com.br\/unidades\/lira-odonto-alto-de-pinheiros\/#breadcrumb","itemListElement":[{"@type":"ListItem","position":1,"name":"In\u00edcio","item":"https:\/\/liraodonto.com.br\/"},{"@type":"ListItem","position":2,"name":"Unidades","item":"https:\/\/liraodonto.com.br\/unidades\/"},{"@type":"ListItem","position":3,"name":"Lira Odonto Alto de Pinheiros"}]},{"@type":"WebSite","@id":"https:\/\/liraodonto.com.br\/#website","url":"https:\/\/liraodonto.com.br\/","name":"Lira Odonto","description":"","publisher":{"@id":"https:\/\/liraodonto.com.br\/#organization"},"potentialAction":[{"@type":"SearchAction","target":{"@type":"EntryPoint","urlTemplate":"https:\/\/liraodonto.com.br\/?s={search_term_string}"},"query-input":{"@type":"PropertyValueSpecification","valueRequired":true,"valueName":"search_term_string"}}],"inLanguage":"es"},{"@type":"Organization","@id":"https:\/\/liraodonto.com.br\/#organization","name":"Lira Odonto","url":"https:\/\/liraodonto.com.br\/","logo":{"@type":"ImageObject","inLanguage":"es","@id":"https:\/\/liraodonto.com.br\/#\/schema\/logo\/image\/","url":"https:\/\/liraodonto.com.br\/wp-content\/uploads\/2016\/04\/cropped-cropped-lira_odonto_site.png","contentUrl":"https:\/\/liraodonto.com.br\/wp-content\/uploads\/2016\/04\/cropped-cropped-lira_odonto_site.png","width":200,"height":46,"caption":"Lira Odonto"},"image":{"@id":"https:\/\/liraodonto.com.br\/#\/schema\/logo\/image\/"},"sameAs":["https:\/\/www.facebook.com\/liraodonto\/","https:\/\/www.instagram.com\/liraodonto\/"]}]}},"wps_subtitle":"","_links":{"self":[{"href":"https:\/\/liraodonto.com.br\/es\/wp-json\/wp\/v2\/pages\/2293","targetHints":{"allow":["GET"]}}],"collection":[{"href":"https:\/\/liraodonto.com.br\/es\/wp-json\/wp\/v2\/pages"}],"about":[{"href":"https:\/\/liraodonto.com.br\/es\/wp-json\/wp\/v2\/types\/page"}],"author":[{"embeddable":true,"href":"https:\/\/liraodonto.com.br\/es\/wp-json\/wp\/v2\/users\/1"}],"replies":[{"embeddable":true,"href":"https:\/\/liraodonto.com.br\/es\/wp-json\/wp\/v2\/comments?post=2293"}],"version-history":[{"count":23,"href":"https:\/\/liraodonto.com.br\/es\/wp-json\/wp\/v2\/pages\/2293\/revisions"}],"predecessor-version":[{"id":5461,"href":"https:\/\/liraodonto.com.br\/es\/wp-json\/wp\/v2\/pages\/2293\/revisions\/5461"}],"up":[{"embeddable":true,"href":"https:\/\/liraodonto.com.br\/es\/wp-json\/wp\/v2\/pages\/90"}],"wp:featuredmedia":[{"embeddable":true,"href":"https:\/\/liraodonto.com.br\/es\/wp-json\/wp\/v2\/media\/2704"}],"wp:attachment":[{"href":"https:\/\/liraodonto.com.br\/es\/wp-json\/wp\/v2\/media?parent=2293"}],"curies":[{"name":"wp","href":"https:\/\/api.w.org\/{rel}","templated":true}]}}