{"id":2319,"date":"2016-06-28T20:56:51","date_gmt":"2016-06-28T20:56:51","guid":{"rendered":"https:\/\/liraodonto.com.br\/aprova\/?page_id=2319"},"modified":"2017-02-06T19:21:58","modified_gmt":"2017-02-06T19:21:58","slug":"ortodontia","status":"publish","type":"page","link":"https:\/\/liraodonto.com.br\/es\/tratamentos\/ortodontia\/","title":{"rendered":"Ortodoncia"},"content":{"rendered":"<h2><span style=\"color: #4f8abe; font-family: din1451;\">\u00bfQu\u00e9 es la ortodoncia?<\/span><\/h2>\n<p>La ortodoncia es la especialidad que se encarga del posicionamiento, alineaci\u00f3n y ajuste entre los dientes, las bases \u00f3seas y su desarrollo.<\/p>\n<h4><span style=\"font-family: din1451; color: #808080;\">Beneficios:<\/span><\/h4>\n<p>El tratamiento de ortodoncia al corregir los dientes mal colocados y el ajuste entre los arcos dentales inferiores y superiores proporciona:<\/p>\n<ul>\n<li>Mejor masticaci\u00f3n, es decir, moler los alimentos es m\u00e1s eficiente cuando el ajuste entre los dientes superiores e inferiores se realiza correctamente;<\/li>\n<li>F\u00e1cil higiene y cuidado bucal: los dientes torcidos y apretados terminan creando \u00e1reas que dificultan el acceso al cepillo y al hilo dental, adem\u00e1s de facilitar la retenci\u00f3n de alimentos;<\/li>\n<li>Una mejor est\u00e9tica de la sonrisa y autoestima, los dientes claros son importantes para una sonrisa hermosa, pero tan importante como el color de los dientes es su alineaci\u00f3n arm\u00f3nica en el arco;<\/li>\n<li>Proporcionan un mejor posicionamiento de las articulaciones, evitan problemas relacionados con DTM y pueden proporcionar una posici\u00f3n de mordida estable al hacer que los m\u00fasculos de masticaci\u00f3n y aquellos que sostienen la postura de la cabeza trabajen menos, reduciendo el cansancio.<\/li>\n<\/ul>\n<h4><span style=\"font-family: din1451; color: #808080;\">Riesgos por falta de tratamiento<\/span><\/h4>\n<p class=\"p1\">Si no se reemplazan los dientes faltantes, existen varios problemas potenciales, que incluyen:<\/p>\n<ul>\n<li>\n<p class=\"p1\">Desequilibrio de dientes y articulaciones temporomandibulares;<\/p>\n<\/li>\n<li>\n<p class=\"p1\">Cambiar la posici\u00f3n de equilibrio de los dientes;<\/p>\n<\/li>\n<li>\n<p class=\"p1\">Modificaci\u00f3n de mordida;<\/p>\n<\/li>\n<li>\n<p class=\"p1\">P\u00e9rdida de eficiencia en la masticaci\u00f3n;<\/p>\n<\/li>\n<li>\n<p class=\"p1\">Cambios y molestias en la funci\u00f3n articular.<\/p>\n<\/li>\n<\/ul>\n<h4><span style=\"font-family: din1451; color: #808080;\">Tratamientos relacionados<\/span><\/h4>\n<ul>\n<li>\n<p class=\"p1\">Alineadores invisibles e Invisalign;<\/p>\n<\/li>\n<li>\n<p class=\"p1\">Aparatos fijos y removibles;<\/p>\n<\/li>\n<li>\n<p class=\"p1\">Aparatos de autoligado;<\/p>\n<\/li>\n<li>\n<p class=\"p1\">Aparatos de ortodoncia est\u00e9ticos;<\/p>\n<\/li>\n<li>\n<p class=\"p1\">Ortopedia funcional;<\/p>\n<\/li>\n<li>\n<p class=\"p1\">Cirug\u00eda ortogn\u00e1tica;<\/p>\n<\/li>\n<li>\n<p class=\"p1\">Planificaci\u00f3n est\u00e9tica DSD.<\/p>\n<\/li>\n<\/ul>\n<h2><span style=\"font-family: din1451;\">Preguntas frecuentes<\/span><\/h2>\n<div class=\"wm-accordion clearfix\" data-active=\"0\" data-mode=\"accordion\">\r\n<div class=\"wm-item wm-item-wrap tag-Tratamento\"><h3 class=\"wm-item-title tag-Tratamento\" data-tags=\"tag-Tratamento\" data-tag-names=\"Tratamento\"><span class=\"icon-help\" aria-hidden=\"true\"> <\/span>O tratamento ortod\u00f4ntico \u00e9 demorado?<\/h3><div class=\"wm-item-content clearfix Otratamentoortodnticodemorado\"><p class=\"p1\">O tempo do tratamento sempre \u00e9 dependente do grau de desalinhamento, outro fator decisivo \u00e9 a correta indica\u00e7\u00e3o do tipo de aparelho e o tratamento. O uso de alinhadores invis\u00edveis pode diminuir o tempo de tratamento.<\/p>\n<p class=\"p1\">\n<\/div><\/div>\r\n\r\n<div class=\"wm-item wm-item-wrap tag-Preparo\"><h3 class=\"wm-item-title tag-Preparo\" data-tags=\"tag-Preparo\" data-tag-names=\"Preparo\"><span class=\"icon-help\" aria-hidden=\"true\"> <\/span>Qual o tempo m\u00e9dio do tratamento ortod\u00f4ntico?<\/h3><div class=\"wm-item-content clearfix Qualotempomdiodotratamentoortodntico\"><p class=\"p1\">Em m\u00e9dia os tratamentos levam de 1 a 2 anos.<\/p>\n<\/div><\/div>\r\n\r\n<div class=\"wm-item wm-item-wrap tag-Durao\"><h3 class=\"wm-item-title tag-Durao\" data-tags=\"tag-Durao\" data-tag-names=\"Dura\u00e7\u00e3o\"><span class=\"icon-help\" aria-hidden=\"true\"> <\/span>O tratamento \u00e9 caro?<\/h3><div class=\"wm-item-content clearfix Otratamentocaro\"><p class=\"p1\">O valor depende muito da necessidade de est\u00e9tica e de conforto exigidos pelo paciente, Os aparelhos fixos convencionais, que s\u00e3o aqueles met\u00e1licos, t\u00eam valores bem acess\u00edveis. Apesar\u00a0do valor mais alto dos alinhadores invis\u00edveis, o\u00a0custo benef\u00edcio \u00e9 bem\u00a0interessante pela alta est\u00e9tica, praticamente invis\u00edvel e pelo conforto,\u00a0podendo em muitos casos tornar o tratamento mais r\u00e1pido.<\/p>\n<p class=\"p1\">\n<\/div><\/div>\r\n\r\n<div class=\"wm-item wm-item-wrap tag-Dores\"><h3 class=\"wm-item-title tag-Dores\" data-tags=\"tag-Dores\" data-tag-names=\"Dores\"><span class=\"icon-help\" aria-hidden=\"true\"> <\/span>Colocar aparelho d\u00f3i?<\/h3><div class=\"wm-item-content clearfix Colocaraparelhodi\"><p class=\"p1\">A movimenta\u00e7\u00e3o dos dentes ocorre pela aplica\u00e7\u00e3o de for\u00e7as com intensidade controlada, gerando no dia da manuten\u00e7\u00e3o um desconforto.\u00a0A conversa com o especialista \u00e9 fundamental para dosar esta intensidade e n\u00e3o tornar o tratamento um sofrimento.<\/p>\n<\/div><\/div>\r\n\r\n<div class=\"wm-item wm-item-wrap tag-Manuteno\"><h3 class=\"wm-item-title tag-Manuteno\" data-tags=\"tag-Manuteno\" data-tag-names=\"Manuten\u00e7\u00e3o\"><span class=\"icon-help\" aria-hidden=\"true\"> <\/span>Os aparelhos fixos machucam?<\/h3><div class=\"wm-item-content clearfix Osaparelhosfixosmachucam\"><p>Os aparelhos fixos, principalmente no in\u00edcio do tratamento, podem gerar alguns machucados nas bochechas, l\u00e1bios e l\u00edngua, para isso o especialista protege estes tecidos colocando resina ou cera sobre os brackets.<\/p>\n<\/div><\/div>\r\n\r\n<div class=\"wm-item wm-item-wrap tag-Procedimento\"><h3 class=\"wm-item-title tag-Procedimento\" data-tags=\"tag-Procedimento\" data-tag-names=\"Procedimento\"><span class=\"icon-help\" aria-hidden=\"true\"> <\/span>Colocar aparelhos fixos estraga os dentes?<\/h3><div class=\"wm-item-content clearfix Colocaraparelhosfixosestragaosdentes\"><p>N\u00e3o, o que estraga os dentes \u00e9 a remo\u00e7\u00e3o de forma inadequada dos brackets ou da cola que fixa o bracket ao dente. Este processo deve ser cuidadoso e com instrumentos adequados para n\u00e3o danificar o esmalte dental.<\/p>\n<\/div><\/div>\r\n\r\n<div class=\"wm-item wm-item-wrap tag-Procedimento\"><h3 class=\"wm-item-title tag-Procedimento\" data-tags=\"tag-Procedimento\" data-tag-names=\"Procedimento\"><span class=\"icon-help\" aria-hidden=\"true\"> <\/span>Documenta\u00e7\u00e3o ortod\u00f4ntica \u00e9 realmente necess\u00e1ria?<\/h3><div class=\"wm-item-content clearfix Documentaoortodnticarealmentenecessria\"><p>Sim, atrav\u00e9s da documenta\u00e7\u00e3o ortodontica conseguimos avaliar atrav\u00e9s das an\u00e1lises das radiografias e das fotos qual a realidade dos desvios da normalidade existente, avaliando a parte das ra\u00edzes, dos ossos da face, da simetria do relacionamento entre eles, para assim conseguirmos fechar um diagn\u00f3stico\u00a0e uma forma de tratamento adequada a cada pessoa.<\/p>\n<\/div><\/div>\r\n\r\n<div class=\"wm-item wm-item-wrap tag-Procedimento\"><h3 class=\"wm-item-title tag-Procedimento\" data-tags=\"tag-Procedimento\" data-tag-names=\"Procedimento\"><span class=\"icon-help\" aria-hidden=\"true\"> <\/span>Como manter o resultado obtido?<\/h3><div class=\"wm-item-content clearfix Comomanteroresultadoobtido\"><p>Ap\u00f3s o tratamento ortodontico \u00e9 necess\u00e1rio manter as condi\u00e7\u00f5es de sa\u00fade bucal adequada, como higiene bucal, restaura\u00e7\u00f5es, implantes e pr\u00f3teses adequadas a sa\u00fade bucal. \u00c9 utilizar conten\u00e7\u00f5es dent\u00e1rias fixas ou remov\u00edveis para forma\u00e7\u00e3o de estrutura de sustenta\u00e7\u00e3o dos dentes em suas novas posi\u00e7\u00f5es.<\/p>\n<\/div><\/div>\r\n\u00a0<\/div>","protected":false},"excerpt":{"rendered":"<div class=\"entry-summary\">\n<div class=\"entry-summary\">\nLa ortodoncia es la especialidad que se encarga del posicionamiento, alineaci\u00f3n y ajuste entre los dientes, las bases \u00f3seas y su desarrollo.\n<\/div>\n<div class=\"link-more\"><a href=\"https:\/\/liraodonto.com.br\/es\/tratamentos\/ortodontia\/\" class=\"more-link\">Continue reading<span class=\"screen-reader-text\"> &ldquo;Ortodontia&rdquo;<\/span>&hellip;<\/a><\/div>\n<\/div>\n<div class=\"link-more\"><a href=\"https:\/\/liraodonto.com.br\/es\/tratamentos\/ortodontia\/\" class=\"more-link\">Continue reading<span class=\"screen-reader-text\"> &ldquo;Ortodontia&rdquo;<\/span>&hellip;<\/a><\/div>","protected":false},"author":1,"featured_media":2946,"parent":1051,"menu_order":31,"comment_status":"closed","ping_status":"closed","template":"templates\/with-sidebar.php","meta":{"_acf_changed":false,"_monsterinsights_skip_tracking":false,"_monsterinsights_sitenote_active":false,"_monsterinsights_sitenote_note":"","_monsterinsights_sitenote_category":0,"_joinchat":[],"footnotes":""},"class_list":["post-2319","page","type-page","status-publish","has-post-thumbnail","hentry","entry"],"acf":[],"yoast_head":"<!-- This site is optimized with the Yoast SEO plugin v27.4 - https:\/\/yoast.com\/product\/yoast-seo-wordpress\/ -->\n<title>Ortodontia - Lira Odonto<\/title>\n<meta name=\"robots\" content=\"index, follow, max-snippet:-1, max-image-preview:large, max-video-preview:-1\" \/>\n<link rel=\"canonical\" href=\"https:\/\/liraodonto.com.br\/es\/tratamentos\/ortodontia\/\" \/>\n<meta property=\"og:locale\" content=\"es_ES\" \/>\n<meta property=\"og:type\" content=\"article\" \/>\n<meta property=\"og:title\" content=\"Ortodontia - Lira Odonto\" \/>\n<meta property=\"og:description\" content=\"Ortodontia \u00e9 a especialidade que cuida do posicionamento, alinhamento e o encaixe entre os dentes, bases \u00f3sseas e seu desenvolvimento. Continue reading &ldquo;Ortodontia&rdquo;&hellip;\" \/>\n<meta property=\"og:url\" content=\"https:\/\/liraodonto.com.br\/es\/tratamentos\/ortodontia\/\" \/>\n<meta property=\"og:site_name\" content=\"Lira Odonto\" \/>\n<meta property=\"article:publisher\" content=\"https:\/\/www.facebook.com\/liraodonto\/\" \/>\n<meta property=\"article:modified_time\" content=\"2017-02-06T19:21:58+00:00\" \/>\n<meta property=\"og:image\" content=\"https:\/\/liraodonto.com.br\/wp-content\/uploads\/2016\/06\/orto.jpg\" \/>\n\t<meta property=\"og:image:width\" content=\"1640\" \/>\n\t<meta property=\"og:image:height\" content=\"547\" \/>\n\t<meta property=\"og:image:type\" content=\"image\/jpeg\" \/>\n<meta name=\"twitter:card\" content=\"summary_large_image\" \/>\n<meta name=\"twitter:label1\" content=\"Tiempo de lectura\" \/>\n\t<meta name=\"twitter:data1\" content=\"4 minutos\" \/>\n<script type=\"application\/ld+json\" class=\"yoast-schema-graph\">{\"@context\":\"https:\\\/\\\/schema.org\",\"@graph\":[{\"@type\":\"WebPage\",\"@id\":\"https:\\\/\\\/liraodonto.com.br\\\/tratamentos\\\/ortodontia\\\/\",\"url\":\"https:\\\/\\\/liraodonto.com.br\\\/tratamentos\\\/ortodontia\\\/\",\"name\":\"Ortodontia - Lira Odonto\",\"isPartOf\":{\"@id\":\"https:\\\/\\\/liraodonto.com.br\\\/#website\"},\"primaryImageOfPage\":{\"@id\":\"https:\\\/\\\/liraodonto.com.br\\\/tratamentos\\\/ortodontia\\\/#primaryimage\"},\"image\":{\"@id\":\"https:\\\/\\\/liraodonto.com.br\\\/tratamentos\\\/ortodontia\\\/#primaryimage\"},\"thumbnailUrl\":\"https:\\\/\\\/liraodonto.com.br\\\/wp-content\\\/uploads\\\/2016\\\/06\\\/orto.jpg\",\"datePublished\":\"2016-06-28T20:56:51+00:00\",\"dateModified\":\"2017-02-06T19:21:58+00:00\",\"breadcrumb\":{\"@id\":\"https:\\\/\\\/liraodonto.com.br\\\/tratamentos\\\/ortodontia\\\/#breadcrumb\"},\"inLanguage\":\"es\",\"potentialAction\":[{\"@type\":\"ReadAction\",\"target\":[\"https:\\\/\\\/liraodonto.com.br\\\/tratamentos\\\/ortodontia\\\/\"]}]},{\"@type\":\"ImageObject\",\"inLanguage\":\"es\",\"@id\":\"https:\\\/\\\/liraodonto.com.br\\\/tratamentos\\\/ortodontia\\\/#primaryimage\",\"url\":\"https:\\\/\\\/liraodonto.com.br\\\/wp-content\\\/uploads\\\/2016\\\/06\\\/orto.jpg\",\"contentUrl\":\"https:\\\/\\\/liraodonto.com.br\\\/wp-content\\\/uploads\\\/2016\\\/06\\\/orto.jpg\",\"width\":1640,\"height\":547},{\"@type\":\"BreadcrumbList\",\"@id\":\"https:\\\/\\\/liraodonto.com.br\\\/tratamentos\\\/ortodontia\\\/#breadcrumb\",\"itemListElement\":[{\"@type\":\"ListItem\",\"position\":1,\"name\":\"In\u00edcio\",\"item\":\"https:\\\/\\\/liraodonto.com.br\\\/\"},{\"@type\":\"ListItem\",\"position\":2,\"name\":\"Tratamentos\",\"item\":\"https:\\\/\\\/liraodonto.com.br\\\/tratamentos\\\/\"},{\"@type\":\"ListItem\",\"position\":3,\"name\":\"Ortodontia\"}]},{\"@type\":\"WebSite\",\"@id\":\"https:\\\/\\\/liraodonto.com.br\\\/#website\",\"url\":\"https:\\\/\\\/liraodonto.com.br\\\/\",\"name\":\"Lira Odonto\",\"description\":\"\",\"publisher\":{\"@id\":\"https:\\\/\\\/liraodonto.com.br\\\/#organization\"},\"potentialAction\":[{\"@type\":\"SearchAction\",\"target\":{\"@type\":\"EntryPoint\",\"urlTemplate\":\"https:\\\/\\\/liraodonto.com.br\\\/?s={search_term_string}\"},\"query-input\":{\"@type\":\"PropertyValueSpecification\",\"valueRequired\":true,\"valueName\":\"search_term_string\"}}],\"inLanguage\":\"es\"},{\"@type\":\"Organization\",\"@id\":\"https:\\\/\\\/liraodonto.com.br\\\/#organization\",\"name\":\"Lira Odonto\",\"url\":\"https:\\\/\\\/liraodonto.com.br\\\/\",\"logo\":{\"@type\":\"ImageObject\",\"inLanguage\":\"es\",\"@id\":\"https:\\\/\\\/liraodonto.com.br\\\/#\\\/schema\\\/logo\\\/image\\\/\",\"url\":\"https:\\\/\\\/liraodonto.com.br\\\/wp-content\\\/uploads\\\/2016\\\/04\\\/cropped-cropped-lira_odonto_site.png\",\"contentUrl\":\"https:\\\/\\\/liraodonto.com.br\\\/wp-content\\\/uploads\\\/2016\\\/04\\\/cropped-cropped-lira_odonto_site.png\",\"width\":200,\"height\":46,\"caption\":\"Lira Odonto\"},\"image\":{\"@id\":\"https:\\\/\\\/liraodonto.com.br\\\/#\\\/schema\\\/logo\\\/image\\\/\"},\"sameAs\":[\"https:\\\/\\\/www.facebook.com\\\/liraodonto\\\/\",\"https:\\\/\\\/www.instagram.com\\\/liraodonto\\\/\"]}]}<\/script>\n<!-- \/ Yoast SEO plugin. -->","yoast_head_json":{"title":"Ortodontia - Lira Odonto","robots":{"index":"index","follow":"follow","max-snippet":"max-snippet:-1","max-image-preview":"max-image-preview:large","max-video-preview":"max-video-preview:-1"},"canonical":"https:\/\/liraodonto.com.br\/es\/tratamentos\/ortodontia\/","og_locale":"es_ES","og_type":"article","og_title":"Ortodontia - Lira Odonto","og_description":"Ortodontia \u00e9 a especialidade que cuida do posicionamento, alinhamento e o encaixe entre os dentes, bases \u00f3sseas e seu desenvolvimento. Continue reading &ldquo;Ortodontia&rdquo;&hellip;","og_url":"https:\/\/liraodonto.com.br\/es\/tratamentos\/ortodontia\/","og_site_name":"Lira Odonto","article_publisher":"https:\/\/www.facebook.com\/liraodonto\/","article_modified_time":"2017-02-06T19:21:58+00:00","og_image":[{"width":1640,"height":547,"url":"https:\/\/liraodonto.com.br\/wp-content\/uploads\/2016\/06\/orto.jpg","type":"image\/jpeg"}],"twitter_card":"summary_large_image","twitter_misc":{"Tiempo de lectura":"4 minutos"},"schema":{"@context":"https:\/\/schema.org","@graph":[{"@type":"WebPage","@id":"https:\/\/liraodonto.com.br\/tratamentos\/ortodontia\/","url":"https:\/\/liraodonto.com.br\/tratamentos\/ortodontia\/","name":"Ortodontia - Lira Odonto","isPartOf":{"@id":"https:\/\/liraodonto.com.br\/#website"},"primaryImageOfPage":{"@id":"https:\/\/liraodonto.com.br\/tratamentos\/ortodontia\/#primaryimage"},"image":{"@id":"https:\/\/liraodonto.com.br\/tratamentos\/ortodontia\/#primaryimage"},"thumbnailUrl":"https:\/\/liraodonto.com.br\/wp-content\/uploads\/2016\/06\/orto.jpg","datePublished":"2016-06-28T20:56:51+00:00","dateModified":"2017-02-06T19:21:58+00:00","breadcrumb":{"@id":"https:\/\/liraodonto.com.br\/tratamentos\/ortodontia\/#breadcrumb"},"inLanguage":"es","potentialAction":[{"@type":"ReadAction","target":["https:\/\/liraodonto.com.br\/tratamentos\/ortodontia\/"]}]},{"@type":"ImageObject","inLanguage":"es","@id":"https:\/\/liraodonto.com.br\/tratamentos\/ortodontia\/#primaryimage","url":"https:\/\/liraodonto.com.br\/wp-content\/uploads\/2016\/06\/orto.jpg","contentUrl":"https:\/\/liraodonto.com.br\/wp-content\/uploads\/2016\/06\/orto.jpg","width":1640,"height":547},{"@type":"BreadcrumbList","@id":"https:\/\/liraodonto.com.br\/tratamentos\/ortodontia\/#breadcrumb","itemListElement":[{"@type":"ListItem","position":1,"name":"In\u00edcio","item":"https:\/\/liraodonto.com.br\/"},{"@type":"ListItem","position":2,"name":"Tratamentos","item":"https:\/\/liraodonto.com.br\/tratamentos\/"},{"@type":"ListItem","position":3,"name":"Ortodontia"}]},{"@type":"WebSite","@id":"https:\/\/liraodonto.com.br\/#website","url":"https:\/\/liraodonto.com.br\/","name":"Lira Odonto","description":"","publisher":{"@id":"https:\/\/liraodonto.com.br\/#organization"},"potentialAction":[{"@type":"SearchAction","target":{"@type":"EntryPoint","urlTemplate":"https:\/\/liraodonto.com.br\/?s={search_term_string}"},"query-input":{"@type":"PropertyValueSpecification","valueRequired":true,"valueName":"search_term_string"}}],"inLanguage":"es"},{"@type":"Organization","@id":"https:\/\/liraodonto.com.br\/#organization","name":"Lira Odonto","url":"https:\/\/liraodonto.com.br\/","logo":{"@type":"ImageObject","inLanguage":"es","@id":"https:\/\/liraodonto.com.br\/#\/schema\/logo\/image\/","url":"https:\/\/liraodonto.com.br\/wp-content\/uploads\/2016\/04\/cropped-cropped-lira_odonto_site.png","contentUrl":"https:\/\/liraodonto.com.br\/wp-content\/uploads\/2016\/04\/cropped-cropped-lira_odonto_site.png","width":200,"height":46,"caption":"Lira Odonto"},"image":{"@id":"https:\/\/liraodonto.com.br\/#\/schema\/logo\/image\/"},"sameAs":["https:\/\/www.facebook.com\/liraodonto\/","https:\/\/www.instagram.com\/liraodonto\/"]}]}},"wps_subtitle":"","_links":{"self":[{"href":"https:\/\/liraodonto.com.br\/es\/wp-json\/wp\/v2\/pages\/2319","targetHints":{"allow":["GET"]}}],"collection":[{"href":"https:\/\/liraodonto.com.br\/es\/wp-json\/wp\/v2\/pages"}],"about":[{"href":"https:\/\/liraodonto.com.br\/es\/wp-json\/wp\/v2\/types\/page"}],"author":[{"embeddable":true,"href":"https:\/\/liraodonto.com.br\/es\/wp-json\/wp\/v2\/users\/1"}],"replies":[{"embeddable":true,"href":"https:\/\/liraodonto.com.br\/es\/wp-json\/wp\/v2\/comments?post=2319"}],"version-history":[{"count":6,"href":"https:\/\/liraodonto.com.br\/es\/wp-json\/wp\/v2\/pages\/2319\/revisions"}],"predecessor-version":[{"id":3087,"href":"https:\/\/liraodonto.com.br\/es\/wp-json\/wp\/v2\/pages\/2319\/revisions\/3087"}],"up":[{"embeddable":true,"href":"https:\/\/liraodonto.com.br\/es\/wp-json\/wp\/v2\/pages\/1051"}],"wp:featuredmedia":[{"embeddable":true,"href":"https:\/\/liraodonto.com.br\/es\/wp-json\/wp\/v2\/media\/2946"}],"wp:attachment":[{"href":"https:\/\/liraodonto.com.br\/es\/wp-json\/wp\/v2\/media?parent=2319"}],"curies":[{"name":"wp","href":"https:\/\/api.w.org\/{rel}","templated":true}]}}