{"id":2322,"date":"2016-06-28T21:10:27","date_gmt":"2016-06-28T21:10:27","guid":{"rendered":"https:\/\/liraodonto.com.br\/aprova\/?page_id=2322"},"modified":"2017-02-07T17:18:53","modified_gmt":"2017-02-07T17:18:53","slug":"periodontia","status":"publish","type":"page","link":"https:\/\/liraodonto.com.br\/es\/tratamentos\/periodontia\/","title":{"rendered":"Periodoncia"},"content":{"rendered":"<h2><span style=\"color: #4f8abe; font-family: din1451;\">\u00bfQu\u00e9 es la periodoncia?<\/span><\/h2>\n<p class=\"p1\"><strong>Periodoncia<\/strong> (peri: alrededor, Odonto: diente) es la ciencia que estudia y trata las enfermedades de implantaci\u00f3n de los dientes y el sistema de soporte. La periodoncia tiene como objetivo curar los procesos inflamatorios e infecciosos de las enc\u00edas. Los cambios patol\u00f3gicos del periodonto se denominan enfermedades periodontales como la placa, la gingivitis, la periodontitis.<\/p>\n<h4><span style=\"font-family: din1451; color: #808080;\">Beneficios:<\/span><\/h4>\n<ul>\n<li>\n<p class=\"p1\">Eliminaci\u00f3n de placa y c\u00e1lculos dentales;<\/p>\n<\/li>\n<li>\n<p class=\"p1\">Disminuci\u00f3n del grado de infecci\u00f3n oral;<\/p>\n<\/li>\n<li>\n<p class=\"p1\">Salud de los tejidos;<\/p>\n<\/li>\n<li>\n<p class=\"p1\">Cura del proceso inflamatorio \/ infeccioso;<\/p>\n<\/li>\n<li>\n<p class=\"p1\">Desaparici\u00f3n de la supuraci\u00f3n y sangrado gingival;<\/p>\n<\/li>\n<li>\n<p class=\"p1\">Mejora est\u00e9tica de las regiones de retracci\u00f3n gingival;<\/p>\n<\/li>\n<li>\n<p class=\"p1\">Prevenci\u00f3n de enfermedades que causan p\u00e9rdida de dientes.<\/p>\n<\/li>\n<\/ul>\n<h4><span style=\"font-family: din1451; color: #808080;\">Riesgos por falta de tratamiento<\/span><\/h4>\n<p class=\"p1\">La enfermedad de las enc\u00edas no tratada puede conducir a:<\/p>\n<ul>\n<li>\n<p class=\"p1\">P\u00e9rdida dental;<\/p>\n<\/li>\n<li>\n<p class=\"p1\">P\u00e9rdida de hueso alveolar y la consiguiente dificultad de futuros tratamientos prot\u00e9sicos;<\/p>\n<\/li>\n<li>\n<p class=\"p1\">Infecciones por bacteriemia (bacterias en el torrente sangu\u00edneo);<\/p>\n<\/li>\n<li>\n<p class=\"p1\">Da\u00f1o est\u00e9tico a la sonrisa : dientes alargados, espacios abiertos (diastemas);<\/p>\n<\/li>\n<li>\n<p class=\"p1\">Problemas sociales por halitosis intensa.<\/p>\n<\/li>\n<\/ul>\n<p class=\"p1\">Aunque todav\u00eda no son concluyentes, existen estudios de investigaci\u00f3n que buscan asociar la enfermedad periodontal con los nacimientos prematuros y el s\u00edndrome metab\u00f3lico (cambios en la glucosa en sangre, el colesterol, la obesidad y los triglic\u00e9ridos).<\/p>\n<h4><span style=\"font-family: din1451; color: #808080;\">Tratamientos relacionados<\/span><\/h4>\n<ul>\n<li>\n<p class=\"p1\">Gingivitis;<\/p>\n<\/li>\n<li>Diastemas;<\/li>\n<li>\n<p class=\"p1\">Halitosis;<\/p>\n<\/li>\n<li>Protocolos.<\/li>\n<\/ul>\n<h2><span style=\"font-family: din1451;\"><span style=\"color: #000000;\">Preguntas frecuentes<\/span><\/span><\/h2>\n<div class=\"wm-accordion clearfix\" data-active=\"0\" data-mode=\"accordion\">\r\n<div class=\"wm-item wm-item-wrap tag-Tratamento\"><h3 class=\"wm-item-title tag-Tratamento\" data-tags=\"tag-Tratamento\" data-tag-names=\"Tratamento\"><span class=\"icon-help\" aria-hidden=\"true\"> <\/span>Como \u00e9 realizado o tratamento?<\/h3><div class=\"wm-item-content clearfix Comorealizadootratamento\"><p class=\"p1\">O primeiro passo \u00e9 descobrir onde est\u00e3o os focos da doen\u00e7a e avaliar a gravidade. O paciente recebe orienta\u00e7\u00e3o individualizada para higiene bucal, e s\u00e3o necess\u00e1rias algumas sess\u00f5es para a remo\u00e7\u00e3o do t\u00e1rtaro (c\u00e1lculo) e tamb\u00e9m para o alisamento e a descontamina\u00e7\u00e3o das ra\u00edzes. Terminada essa primeira etapa, faz-se uma reavalia\u00e7\u00e3o. O que dever\u00e1 ser feito depois disso depender\u00e1 de cada caso: retornos mais frequentes, novas sess\u00f5es de raspagem, cirurgias e prescri\u00e7\u00e3o de medicamentos, entre outros.<\/p>\n<p class=\"p1\">\n<\/div><\/div>\r\n\r\n<div class=\"wm-item wm-item-wrap tag-Preparo\"><h3 class=\"wm-item-title tag-Preparo\" data-tags=\"tag-Preparo\" data-tag-names=\"Preparo\"><span class=\"icon-help\" aria-hidden=\"true\"> <\/span>\u00c9 preciso fazer algum tratamento pr\u00e9vio?<\/h3><div class=\"wm-item-content clearfix precisofazeralgumtratamentoprvio\"><p class=\"p1\">N\u00e3o. Quando indicado, o tratamento periodontal \u00e9 uma das primeiras etapas de qualquer tratamento dent\u00e1rio.<\/p>\n<\/div><\/div>\r\n\r\n<div class=\"wm-item wm-item-wrap tag-Durao\"><h3 class=\"wm-item-title tag-Durao\" data-tags=\"tag-Durao\" data-tag-names=\"Dura\u00e7\u00e3o\"><span class=\"icon-help\" aria-hidden=\"true\"> <\/span>Qual a dura\u00e7\u00e3o do procedimento e do tratamento?<\/h3><div class=\"wm-item-content clearfix Qualaduraodoprocedimentoedotratamento\"><p class=\"p1\">Como qualquer tratamento de sa\u00fade, a complexidade de cada caso determina o tempo do tratamento. Em casos simples, duas sess\u00f5es s\u00e3o suficientes para o restabelecimento da sa\u00fade, j\u00e1 casos complexos (cir\u00fargicos) requerem mais sess\u00f5es cl\u00ednicas.<\/p>\n<\/div><\/div>\r\n\r\n<div class=\"wm-item wm-item-wrap tag-Dores\"><h3 class=\"wm-item-title tag-Dores\" data-tags=\"tag-Dores\" data-tag-names=\"Dores\"><span class=\"icon-help\" aria-hidden=\"true\"> <\/span>Poderei sentir algum desconforto ou dificuldade de adapta\u00e7\u00e3o?<\/h3><div class=\"wm-item-content clearfix Podereisentiralgumdesconfortooudificuldadedeadaptao\"><p class=\"p1\">Todo o procedimento \u00e9 realizado sob anestesia. Nos casos de gengivite, pouca ou nenhuma sensibilidade \u00e9 relatada.\u00a0Nos cir\u00fargicos, nossos profissionais prescrever\u00e3o medicamentos adequados e dar\u00e3o orienta\u00e7\u00f5es para reduzir os\u00a0eventuais desconfortos.<\/p>\n<\/div><\/div>\r\n\r\n<div class=\"wm-item wm-item-wrap tag-Recuperao\"><h3 class=\"wm-item-title tag-Recuperao\" data-tags=\"tag-Recuperao\" data-tag-names=\"Recupera\u00e7\u00e3o\"><span class=\"icon-help\" aria-hidden=\"true\"> <\/span>Uma vez tratada a doen\u00e7a, os tecidos recuperam-se integralmente?<\/h3><div class=\"wm-item-content clearfix Umaveztratadaadoenaostecidosrecuperam-seintegralmente\"><p class=\"p1\">Sim, no caso das gengivites; por\u00e9m a doen\u00e7a periodontal avan\u00e7ada sempre deixa sequelas, tais como deslocamento do dente, retra\u00e7\u00e3o gengival com consequente aumento do comprimento do dente etc. Contudo, existem procedimentos cir\u00fargicos e prot\u00e9ticos que podem diminuir esses efeitos.<strong><br \/>\n<\/strong><\/p>\n<\/div><\/div>\r\n\r\n<div class=\"wm-item wm-item-wrap tag-Procedimento\"><h3 class=\"wm-item-title tag-Procedimento\" data-tags=\"tag-Procedimento\" data-tag-names=\"Procedimento\"><span class=\"icon-help\" aria-hidden=\"true\"> <\/span>H\u00e1 riscos no procedimento?<\/h3><div class=\"wm-item-content clearfix Hriscosnoprocedimento\"><p class=\"p1\">A manipula\u00e7\u00e3o do tecido periodontal doente comumente gera bacteremia (bact\u00e9rias na corrente sangu\u00ednea). Por\u00a0isso, pacientes com necessidades especiais, altera\u00e7\u00f5es na coagula\u00e7\u00e3o, problemas de v\u00e1lvulas card\u00edacas, diabetes e\u00a0imunodepress\u00e3o exigem preven\u00e7\u00e3o antibi\u00f3tica antes do tratamento.<\/p>\n<p class=\"p1\">\n<\/div><\/div>\r\n\u00a0<\/div>\n<h2><span style=\"color: #000000; font-family: din1451;\">Cuidados importantes<\/span><\/h2>\n<div class=\"wm-tabs clearfix layout-top tour-tabs\" data-active=\"1\"><ul class=\"wm-tab-links wm-tab-count-3\"><li class=\"wm-tab-items-Antesdotratamento_211\"><a href=\"#Antesdotratamento_211\" data-tab=\"#Antesdotratamento_211\"><span class=\"icon-frown\" aria-hidden=\"true\"> <\/span>Antes del tratamiento<\/a><\/li><li class=\"wm-tab-items-Duranteotratamento_769\"><a href=\"#Duranteotratamento_769\" data-tab=\"#Duranteotratamento_769\"><span class=\"icon-meh\" aria-hidden=\"true\"> <\/span>Durante o tratamento<\/a><\/li><li class=\"wm-tab-items-Apsotratamento_404\"><a href=\"#Apsotratamento_404\" data-tab=\"#Apsotratamento_404\"><span class=\"icon-smile\" aria-hidden=\"true\"> <\/span>Despu\u00e9s del tratamiento<\/a><\/li><\/ul><div class=\"wm-tabs-items\">\r\n<div class=\"wm-item wm-item-wrap Antesdotratamento_211\" id=\"Antesdotratamento_211\" data-title=\"Antesdotratamento_211&&&lt;span class=&quot;icon-frown&quot; aria-hidden=&quot;true&quot;&gt; &lt;\/span&gt;Antes do tratamento\"><h2 class=\"screen-reader-text wm-item-title\"><span class=\"icon-frown\" aria-hidden=\"true\"> <\/span>Antes del tratamiento<\/h2><p class=\"p1\">Em geral, n\u00e3o h\u00e1 recomenda\u00e7\u00f5es pr\u00e9vias para o tratamento periodontal. Pacientes com diabetes descompensado,\u00a0problemas card\u00edacos (prolapso de v\u00e1lvula, marcapasso, etc.) e sist\u00eamicos receber\u00e3o orienta\u00e7\u00f5es espec\u00edficas do\u00a0cirurgi\u00e3o-dentista sobre medidas profil\u00e1ticas (preventivas) antes de cada atendimento.<\/p>\n<\/div>\r\n\r\n<div class=\"wm-item wm-item-wrap Duranteotratamento_769\" id=\"Duranteotratamento_769\" data-title=\"Duranteotratamento_769&&&lt;span class=&quot;icon-meh&quot; aria-hidden=&quot;true&quot;&gt; &lt;\/span&gt;Durante o tratamento\"><h3 class=\"screen-reader-text wm-item-title\"><span class=\"icon-meh\" aria-hidden=\"true\"> <\/span>Durante o tratamento<\/h3><p class=\"p1\">Durante a raspagem e o aplainamento das ra\u00edzes, a gengiva e os dentes poder\u00e3o ficar mais sens\u00edveis a alimentos \u00e1cidos (lim\u00e3o, vinagre etc.), muito quentes ou gelados. Nas primeiras quatro horas seguintes ao tratamento, recomenda-se evit\u00e1-los. Quando s\u00e3o realizadas as cirurgias periodontais, o cirurgi\u00e3o-dentista d\u00e1 recomenda\u00e7\u00f5es mais espec\u00edficas.<strong><br \/>\n<\/strong><\/p>\n<\/div>\r\n\r\n<div class=\"wm-item wm-item-wrap Apsotratamento_404\" id=\"Apsotratamento_404\" data-title=\"Apsotratamento_404&&&lt;span class=&quot;icon-smile&quot; aria-hidden=&quot;true&quot;&gt; &lt;\/span&gt;Ap\u00f3s o tratamento\"><h2 class=\"screen-reader-text wm-item-title\"><span class=\"icon-smile\" aria-hidden=\"true\"> <\/span>Despu\u00e9s del tratamiento<\/h2><p class=\"p1\">De forma geral, a preven\u00e7\u00e3o e a conserva\u00e7\u00e3o podem ser feitas com a remo\u00e7\u00e3o da placa bacteriana pela limpeza bucal dom\u00e9stica com fio dental e escova, em condi\u00e7\u00f5es espec\u00edficas com escovas interdentais, unitufo ou passa-fio. A periodicidade das consultas para manuten\u00e7\u00e3o depende da severidade das sequelas provocadas pela doen\u00e7a.<strong><br \/>\n<\/strong><\/p>\n<\/div>\r\n<\/div><\/div>","protected":false},"excerpt":{"rendered":"<div class=\"entry-summary\">\n<div class=\"entry-summary\">\nPeriodontia \u00e9 o tratamento que visa \u00e0 cura de processos inflamat\u00f3rios e infecciosos da gengiva.\n<\/div>\n<div class=\"link-more\"><a href=\"https:\/\/liraodonto.com.br\/es\/tratamentos\/periodontia\/\" class=\"more-link\">Continue reading<span class=\"screen-reader-text\"> &ldquo;Periodontia&rdquo;<\/span>&hellip;<\/a><\/div>\n<\/div>\n<div class=\"link-more\"><a href=\"https:\/\/liraodonto.com.br\/es\/tratamentos\/periodontia\/\" class=\"more-link\">Continue reading<span class=\"screen-reader-text\"> &ldquo;Periodontia&rdquo;<\/span>&hellip;<\/a><\/div>","protected":false},"author":1,"featured_media":2320,"parent":1051,"menu_order":31,"comment_status":"closed","ping_status":"closed","template":"templates\/with-sidebar.php","meta":{"_acf_changed":false,"_monsterinsights_skip_tracking":false,"_monsterinsights_sitenote_active":false,"_monsterinsights_sitenote_note":"","_monsterinsights_sitenote_category":0,"_joinchat":[],"footnotes":""},"class_list":["post-2322","page","type-page","status-publish","has-post-thumbnail","hentry","entry"],"acf":[],"yoast_head":"<!-- This site is optimized with the Yoast SEO plugin v27.4 - https:\/\/yoast.com\/product\/yoast-seo-wordpress\/ -->\n<title>Periodontia - Lira Odonto<\/title>\n<meta name=\"robots\" content=\"index, follow, max-snippet:-1, max-image-preview:large, max-video-preview:-1\" \/>\n<link rel=\"canonical\" href=\"https:\/\/liraodonto.com.br\/es\/tratamentos\/periodontia\/\" \/>\n<meta property=\"og:locale\" content=\"es_ES\" \/>\n<meta property=\"og:type\" content=\"article\" \/>\n<meta property=\"og:title\" content=\"Periodontia - Lira Odonto\" \/>\n<meta property=\"og:description\" content=\"Periodontia \u00e9 o tratamento que visa \u00e0 cura de processos inflamat\u00f3rios e infecciosos da gengiva. Continue reading &ldquo;Periodontia&rdquo;&hellip;\" \/>\n<meta property=\"og:url\" content=\"https:\/\/liraodonto.com.br\/es\/tratamentos\/periodontia\/\" \/>\n<meta property=\"og:site_name\" content=\"Lira Odonto\" \/>\n<meta property=\"article:publisher\" content=\"https:\/\/www.facebook.com\/liraodonto\/\" \/>\n<meta property=\"article:modified_time\" content=\"2017-02-07T17:18:53+00:00\" \/>\n<meta property=\"og:image\" content=\"https:\/\/liraodonto.com.br\/wp-content\/uploads\/2016\/06\/ortodontia.jpg\" \/>\n\t<meta property=\"og:image:width\" content=\"1640\" \/>\n\t<meta property=\"og:image:height\" content=\"547\" \/>\n\t<meta property=\"og:image:type\" content=\"image\/jpeg\" \/>\n<meta name=\"twitter:card\" content=\"summary_large_image\" \/>\n<meta name=\"twitter:label1\" content=\"Tiempo de lectura\" \/>\n\t<meta name=\"twitter:data1\" content=\"4 minutos\" \/>\n<script type=\"application\/ld+json\" class=\"yoast-schema-graph\">{\"@context\":\"https:\\\/\\\/schema.org\",\"@graph\":[{\"@type\":\"WebPage\",\"@id\":\"https:\\\/\\\/liraodonto.com.br\\\/tratamentos\\\/periodontia\\\/\",\"url\":\"https:\\\/\\\/liraodonto.com.br\\\/tratamentos\\\/periodontia\\\/\",\"name\":\"Periodontia - Lira Odonto\",\"isPartOf\":{\"@id\":\"https:\\\/\\\/liraodonto.com.br\\\/#website\"},\"primaryImageOfPage\":{\"@id\":\"https:\\\/\\\/liraodonto.com.br\\\/tratamentos\\\/periodontia\\\/#primaryimage\"},\"image\":{\"@id\":\"https:\\\/\\\/liraodonto.com.br\\\/tratamentos\\\/periodontia\\\/#primaryimage\"},\"thumbnailUrl\":\"https:\\\/\\\/liraodonto.com.br\\\/wp-content\\\/uploads\\\/2016\\\/06\\\/ortodontia.jpg\",\"datePublished\":\"2016-06-28T21:10:27+00:00\",\"dateModified\":\"2017-02-07T17:18:53+00:00\",\"breadcrumb\":{\"@id\":\"https:\\\/\\\/liraodonto.com.br\\\/tratamentos\\\/periodontia\\\/#breadcrumb\"},\"inLanguage\":\"es\",\"potentialAction\":[{\"@type\":\"ReadAction\",\"target\":[\"https:\\\/\\\/liraodonto.com.br\\\/tratamentos\\\/periodontia\\\/\"]}]},{\"@type\":\"ImageObject\",\"inLanguage\":\"es\",\"@id\":\"https:\\\/\\\/liraodonto.com.br\\\/tratamentos\\\/periodontia\\\/#primaryimage\",\"url\":\"https:\\\/\\\/liraodonto.com.br\\\/wp-content\\\/uploads\\\/2016\\\/06\\\/ortodontia.jpg\",\"contentUrl\":\"https:\\\/\\\/liraodonto.com.br\\\/wp-content\\\/uploads\\\/2016\\\/06\\\/ortodontia.jpg\",\"width\":1640,\"height\":547},{\"@type\":\"BreadcrumbList\",\"@id\":\"https:\\\/\\\/liraodonto.com.br\\\/tratamentos\\\/periodontia\\\/#breadcrumb\",\"itemListElement\":[{\"@type\":\"ListItem\",\"position\":1,\"name\":\"In\u00edcio\",\"item\":\"https:\\\/\\\/liraodonto.com.br\\\/\"},{\"@type\":\"ListItem\",\"position\":2,\"name\":\"Tratamentos\",\"item\":\"https:\\\/\\\/liraodonto.com.br\\\/tratamentos\\\/\"},{\"@type\":\"ListItem\",\"position\":3,\"name\":\"Periodontia\"}]},{\"@type\":\"WebSite\",\"@id\":\"https:\\\/\\\/liraodonto.com.br\\\/#website\",\"url\":\"https:\\\/\\\/liraodonto.com.br\\\/\",\"name\":\"Lira Odonto\",\"description\":\"\",\"publisher\":{\"@id\":\"https:\\\/\\\/liraodonto.com.br\\\/#organization\"},\"potentialAction\":[{\"@type\":\"SearchAction\",\"target\":{\"@type\":\"EntryPoint\",\"urlTemplate\":\"https:\\\/\\\/liraodonto.com.br\\\/?s={search_term_string}\"},\"query-input\":{\"@type\":\"PropertyValueSpecification\",\"valueRequired\":true,\"valueName\":\"search_term_string\"}}],\"inLanguage\":\"es\"},{\"@type\":\"Organization\",\"@id\":\"https:\\\/\\\/liraodonto.com.br\\\/#organization\",\"name\":\"Lira Odonto\",\"url\":\"https:\\\/\\\/liraodonto.com.br\\\/\",\"logo\":{\"@type\":\"ImageObject\",\"inLanguage\":\"es\",\"@id\":\"https:\\\/\\\/liraodonto.com.br\\\/#\\\/schema\\\/logo\\\/image\\\/\",\"url\":\"https:\\\/\\\/liraodonto.com.br\\\/wp-content\\\/uploads\\\/2016\\\/04\\\/cropped-cropped-lira_odonto_site.png\",\"contentUrl\":\"https:\\\/\\\/liraodonto.com.br\\\/wp-content\\\/uploads\\\/2016\\\/04\\\/cropped-cropped-lira_odonto_site.png\",\"width\":200,\"height\":46,\"caption\":\"Lira Odonto\"},\"image\":{\"@id\":\"https:\\\/\\\/liraodonto.com.br\\\/#\\\/schema\\\/logo\\\/image\\\/\"},\"sameAs\":[\"https:\\\/\\\/www.facebook.com\\\/liraodonto\\\/\",\"https:\\\/\\\/www.instagram.com\\\/liraodonto\\\/\"]}]}<\/script>\n<!-- \/ Yoast SEO plugin. -->","yoast_head_json":{"title":"Periodontia - Lira Odonto","robots":{"index":"index","follow":"follow","max-snippet":"max-snippet:-1","max-image-preview":"max-image-preview:large","max-video-preview":"max-video-preview:-1"},"canonical":"https:\/\/liraodonto.com.br\/es\/tratamentos\/periodontia\/","og_locale":"es_ES","og_type":"article","og_title":"Periodontia - Lira Odonto","og_description":"Periodontia \u00e9 o tratamento que visa \u00e0 cura de processos inflamat\u00f3rios e infecciosos da gengiva. Continue reading &ldquo;Periodontia&rdquo;&hellip;","og_url":"https:\/\/liraodonto.com.br\/es\/tratamentos\/periodontia\/","og_site_name":"Lira Odonto","article_publisher":"https:\/\/www.facebook.com\/liraodonto\/","article_modified_time":"2017-02-07T17:18:53+00:00","og_image":[{"width":1640,"height":547,"url":"https:\/\/liraodonto.com.br\/wp-content\/uploads\/2016\/06\/ortodontia.jpg","type":"image\/jpeg"}],"twitter_card":"summary_large_image","twitter_misc":{"Tiempo de lectura":"4 minutos"},"schema":{"@context":"https:\/\/schema.org","@graph":[{"@type":"WebPage","@id":"https:\/\/liraodonto.com.br\/tratamentos\/periodontia\/","url":"https:\/\/liraodonto.com.br\/tratamentos\/periodontia\/","name":"Periodontia - Lira Odonto","isPartOf":{"@id":"https:\/\/liraodonto.com.br\/#website"},"primaryImageOfPage":{"@id":"https:\/\/liraodonto.com.br\/tratamentos\/periodontia\/#primaryimage"},"image":{"@id":"https:\/\/liraodonto.com.br\/tratamentos\/periodontia\/#primaryimage"},"thumbnailUrl":"https:\/\/liraodonto.com.br\/wp-content\/uploads\/2016\/06\/ortodontia.jpg","datePublished":"2016-06-28T21:10:27+00:00","dateModified":"2017-02-07T17:18:53+00:00","breadcrumb":{"@id":"https:\/\/liraodonto.com.br\/tratamentos\/periodontia\/#breadcrumb"},"inLanguage":"es","potentialAction":[{"@type":"ReadAction","target":["https:\/\/liraodonto.com.br\/tratamentos\/periodontia\/"]}]},{"@type":"ImageObject","inLanguage":"es","@id":"https:\/\/liraodonto.com.br\/tratamentos\/periodontia\/#primaryimage","url":"https:\/\/liraodonto.com.br\/wp-content\/uploads\/2016\/06\/ortodontia.jpg","contentUrl":"https:\/\/liraodonto.com.br\/wp-content\/uploads\/2016\/06\/ortodontia.jpg","width":1640,"height":547},{"@type":"BreadcrumbList","@id":"https:\/\/liraodonto.com.br\/tratamentos\/periodontia\/#breadcrumb","itemListElement":[{"@type":"ListItem","position":1,"name":"In\u00edcio","item":"https:\/\/liraodonto.com.br\/"},{"@type":"ListItem","position":2,"name":"Tratamentos","item":"https:\/\/liraodonto.com.br\/tratamentos\/"},{"@type":"ListItem","position":3,"name":"Periodontia"}]},{"@type":"WebSite","@id":"https:\/\/liraodonto.com.br\/#website","url":"https:\/\/liraodonto.com.br\/","name":"Lira Odonto","description":"","publisher":{"@id":"https:\/\/liraodonto.com.br\/#organization"},"potentialAction":[{"@type":"SearchAction","target":{"@type":"EntryPoint","urlTemplate":"https:\/\/liraodonto.com.br\/?s={search_term_string}"},"query-input":{"@type":"PropertyValueSpecification","valueRequired":true,"valueName":"search_term_string"}}],"inLanguage":"es"},{"@type":"Organization","@id":"https:\/\/liraodonto.com.br\/#organization","name":"Lira Odonto","url":"https:\/\/liraodonto.com.br\/","logo":{"@type":"ImageObject","inLanguage":"es","@id":"https:\/\/liraodonto.com.br\/#\/schema\/logo\/image\/","url":"https:\/\/liraodonto.com.br\/wp-content\/uploads\/2016\/04\/cropped-cropped-lira_odonto_site.png","contentUrl":"https:\/\/liraodonto.com.br\/wp-content\/uploads\/2016\/04\/cropped-cropped-lira_odonto_site.png","width":200,"height":46,"caption":"Lira Odonto"},"image":{"@id":"https:\/\/liraodonto.com.br\/#\/schema\/logo\/image\/"},"sameAs":["https:\/\/www.facebook.com\/liraodonto\/","https:\/\/www.instagram.com\/liraodonto\/"]}]}},"wps_subtitle":"","_links":{"self":[{"href":"https:\/\/liraodonto.com.br\/es\/wp-json\/wp\/v2\/pages\/2322","targetHints":{"allow":["GET"]}}],"collection":[{"href":"https:\/\/liraodonto.com.br\/es\/wp-json\/wp\/v2\/pages"}],"about":[{"href":"https:\/\/liraodonto.com.br\/es\/wp-json\/wp\/v2\/types\/page"}],"author":[{"embeddable":true,"href":"https:\/\/liraodonto.com.br\/es\/wp-json\/wp\/v2\/users\/1"}],"replies":[{"embeddable":true,"href":"https:\/\/liraodonto.com.br\/es\/wp-json\/wp\/v2\/comments?post=2322"}],"version-history":[{"count":13,"href":"https:\/\/liraodonto.com.br\/es\/wp-json\/wp\/v2\/pages\/2322\/revisions"}],"predecessor-version":[{"id":3124,"href":"https:\/\/liraodonto.com.br\/es\/wp-json\/wp\/v2\/pages\/2322\/revisions\/3124"}],"up":[{"embeddable":true,"href":"https:\/\/liraodonto.com.br\/es\/wp-json\/wp\/v2\/pages\/1051"}],"wp:featuredmedia":[{"embeddable":true,"href":"https:\/\/liraodonto.com.br\/es\/wp-json\/wp\/v2\/media\/2320"}],"wp:attachment":[{"href":"https:\/\/liraodonto.com.br\/es\/wp-json\/wp\/v2\/media?parent=2322"}],"curies":[{"name":"wp","href":"https:\/\/api.w.org\/{rel}","templated":true}]}}