{"id":2333,"date":"2016-06-29T01:18:32","date_gmt":"2016-06-29T01:18:32","guid":{"rendered":"https:\/\/liraodonto.com.br\/aprova\/?page_id=2333"},"modified":"2017-02-07T00:09:13","modified_gmt":"2017-02-07T00:09:13","slug":"protese","status":"publish","type":"page","link":"https:\/\/liraodonto.com.br\/es\/tratamentos\/protese\/","title":{"rendered":"Pr\u00f3tesis"},"content":{"rendered":"<h2><span style=\"color: #4f8abe; font-family: din1451;\">\u00bfQu\u00e9 es la pr\u00f3tesis?<\/span><\/h2>\n<p class=\"p1\">La pr\u00f3tesis es lo que reemplaza total o parcialmente el diente real cuando la restauraci\u00f3n convencional no resuelve el problema. Est\u00e1 hecho de varios materiales y devuelve la est\u00e9tica y la capacidad de masticaci\u00f3n, adem\u00e1s de prevenir o incluso solucionar las dificultades con la articulaci\u00f3n.<\/p>\n<p class=\"p1\">Las pr\u00f3tesis pueden ser unitarias, parciales o totales y se apoyan en ra\u00edces, dientes, implantes o incluso en las enc\u00edas cuando se trata de pr\u00f3tesis. Pueden ser removibles o fijos, es decir, cementados en los dientes o implantes. Cada uno tiene su aplicaci\u00f3n, sus ventajas y desventajas, que ser\u00e1n analizadas por el dentista y el paciente.<\/p>\n<h4><span style=\"font-family: din1451; color: #808080;\">Beneficios:<\/span><\/h4>\n<ul>\n<li>\n<p class=\"p1\">Restaurar dentes muito comprometidos;<\/p>\n<\/li>\n<li>\n<p class=\"p1\">Reemplazar los dientes faltantes;<\/p>\n<\/li>\n<li>\n<p class=\"p1\">Melhorar a est\u00e9tica e o bem-estar;<\/p>\n<\/li>\n<li>\n<p class=\"p1\">Devolver la funci\u00f3n masticatoria y la comodidad.<\/p>\n<\/li>\n<\/ul>\n<h4><span style=\"font-family: din1451; color: #808080;\">Riesgos por falta de tratamiento<\/span><\/h4>\n<p class=\"p1\">Si no se reemplazan los dientes perdidos, se pueden producir varias complicaciones, que incluyen:<\/p>\n<ul>\n<li>\n<p class=\"p1\">Modificaci\u00f3n de mordida;<\/p>\n<\/li>\n<li>\n<p class=\"p1\">Malestar articular;<\/p>\n<\/li>\n<li>\n<p class=\"p1\">Desequilibrio de dientes y articulaciones temporomandibulares;<\/p>\n<\/li>\n<li>\n<p class=\"p1\">Problemas est\u00e9ticos;<\/p>\n<\/li>\n<li>\n<p class=\"p1\">P\u00e9rdida de autoestima.<\/p>\n<\/li>\n<\/ul>\n<h4><span style=\"font-family: din1451; color: #808080;\">Tratamientos relacionados<\/span><\/h4>\n<ul>\n<li>Pr\u00f3tesis total;<\/li>\n<li>Pr\u00f3tesis fija;<\/li>\n<li>Removable Prosthesis;<\/li>\n<li>Pr\u00f3tesis sobre implante;<\/li>\n<li>Pr\u00f3tesis unitaria;<\/li>\n<li>Rehabilitaci\u00f3n oral;<\/li>\n<li>Carillas laminadas;<\/li>\n<li>Sistema CAD\/CAM.<\/li>\n<\/ul>\n<h2><span style=\"font-family: din1451;\">Preguntas frecuentes<\/span><\/h2>\n<div class=\"wm-accordion clearfix\" data-active=\"0\" data-mode=\"accordion\">\r\n<div class=\"wm-item wm-item-wrap tag-Restries\"><h3 class=\"wm-item-title tag-Restries\" data-tags=\"tag-Restries\" data-tag-names=\"Restri\u00e7\u00f5es\"><span class=\"icon-help\" aria-hidden=\"true\"> <\/span>Qualquer paciente pode receber pr\u00f3teses?<\/h3><div class=\"wm-item-content clearfix Qualquerpacientepodereceberprteses\"><p class=\"p1\">Em princ\u00edpio, todos os pacientes podem receber tratamento com algum tipo de solu\u00e7\u00e3o prot\u00e9tica, pois existem pr\u00f3teses que substituem de pequenas destrui\u00e7\u00f5es dent\u00e1rias a todos os dentes.<\/p>\n<p class=\"p1\">\n<\/div><\/div>\r\n\r\n<div class=\"wm-item wm-item-wrap tag-Preparo\"><h3 class=\"wm-item-title tag-Preparo\" data-tags=\"tag-Preparo\" data-tag-names=\"Preparo\"><span class=\"icon-help\" aria-hidden=\"true\"> <\/span>\u00c9 preciso fazer algum tratamento pr\u00e9vio?<\/h3><div class=\"wm-item-content clearfix precisofazeralgumtratamentoprvio\"><p class=\"p1\">As pr\u00f3teses s\u00e3o os procedimentos finais do tratamento reabilitador. Para se alcan\u00e7arem bons resultados, todas\u00a0as infec\u00e7\u00f5es orais precisam estar sanadas (c\u00e1ries, problemas de canal, de gengiva, etc.), antes de se iniciar o\u00a0tratamento prot\u00e9tico.<\/p>\n<\/div><\/div>\r\n\r\n<div class=\"wm-item wm-item-wrap tag-Durao\"><h3 class=\"wm-item-title tag-Durao\" data-tags=\"tag-Durao\" data-tag-names=\"Dura\u00e7\u00e3o\"><span class=\"icon-help\" aria-hidden=\"true\"> <\/span>Qual \u00e9 a dura\u00e7\u00e3o do procedimento e do tratamento?<\/h3><div class=\"wm-item-content clearfix Qualaduraodoprocedimentoedotratamento\"><p class=\"p1\">Como em qualquer tratamento de sa\u00fade, a complexidade de cada caso determina o tempo do tratamento. Muitos exigem que os tecidos se restabele\u00e7am antes que se prossiga, o que requer um aumento do prazo de finaliza\u00e7\u00e3o. Em condi\u00e7\u00f5es normais, pode-se confeccionar uma coroa para restaurar um dente em tr\u00eas ou quatro sess\u00f5es cl\u00ednicas.<\/p>\n<\/div><\/div>\r\n\r\n<div class=\"wm-item wm-item-wrap tag-Dores\"><h3 class=\"wm-item-title tag-Dores\" data-tags=\"tag-Dores\" data-tag-names=\"Dores\"><span class=\"icon-help\" aria-hidden=\"true\"> <\/span>Poderei sentir algum desconforto ou dificuldade de adapta\u00e7\u00e3o?<\/h3><div class=\"wm-item-content clearfix Podereisentiralgumdesconfortooudificuldadedeadaptao\"><p class=\"p1\">As pr\u00f3teses podem trazer certo desconforto logo ap\u00f3s sua instala\u00e7\u00e3o, principalmente nos casos de pr\u00f3teses totais (dentaduras). O eventual desconforto ser\u00e1 superado com o suporte e a assist\u00eancia da equipe odontol\u00f3gica durante o per\u00edodo de adapta\u00e7\u00e3o e com a colabora\u00e7\u00e3o do paciente, que deve seguir criteriosamente as orienta\u00e7\u00f5es recebidas.<strong><br \/>\n<\/strong><\/p>\n<p>&nbsp;<\/p>\n<\/div><\/div>\r\n\r\n<div class=\"wm-item wm-item-wrap tag-Procedimento\"><h3 class=\"wm-item-title tag-Procedimento\" data-tags=\"tag-Procedimento\" data-tag-names=\"Procedimento\"><span class=\"icon-help\" aria-hidden=\"true\"> <\/span>H\u00e1 riscos no procedimento?<\/h3><div class=\"wm-item-content clearfix Hriscosnoprocedimento\"><p class=\"p1\">Quando indicado e bem monitorado pelo cirurgi\u00e3o-dentista, o procedimento \u00e9 bastante seguro.<\/p>\n<p class=\"p1\">\n<\/div><\/div>\r\n\u00a0<\/div>\n<h2><span style=\"color: #000000; font-family: din1451;\">Cuidados importantes<\/span><\/h2>\n<div class=\"wm-tabs clearfix layout-top tour-tabs\" data-active=\"1\"><ul class=\"wm-tab-links wm-tab-count-3\"><li class=\"wm-tab-items-Antesdotratamento_460\"><a href=\"#Antesdotratamento_460\" data-tab=\"#Antesdotratamento_460\"><span class=\"icon-frown\" aria-hidden=\"true\"> <\/span>Antes del tratamiento<\/a><\/li><li class=\"wm-tab-items-Duranteotratamento_895\"><a href=\"#Duranteotratamento_895\" data-tab=\"#Duranteotratamento_895\"><span class=\"icon-meh\" aria-hidden=\"true\"> <\/span>Durante o tratamento<\/a><\/li><li class=\"wm-tab-items-Apsotratamento_974\"><a href=\"#Apsotratamento_974\" data-tab=\"#Apsotratamento_974\"><span class=\"icon-smile\" aria-hidden=\"true\"> <\/span>Despu\u00e9s del tratamiento<\/a><\/li><\/ul><div class=\"wm-tabs-items\">\r\n<div class=\"wm-item wm-item-wrap Antesdotratamento_460\" id=\"Antesdotratamento_460\" data-title=\"Antesdotratamento_460&&&lt;span class=&quot;icon-frown&quot; aria-hidden=&quot;true&quot;&gt; &lt;\/span&gt;Antes do tratamento\"><h2 class=\"screen-reader-text wm-item-title\"><span class=\"icon-frown\" aria-hidden=\"true\"> <\/span>Antes del tratamiento<\/h2><p class=\"p1\">As pr\u00f3teses s\u00e3o os procedimentos finais do tratamento reabilitador. Para se atingirem bons resultados, todas as\u00a0infec\u00e7\u00f5es orais (c\u00e1ries, problemas de canal, de gengiva, etc.) devem estar sanadas antes do in\u00edcio do tratamento.<\/p>\n<\/div>\r\n\r\n<div class=\"wm-item wm-item-wrap Duranteotratamento_895\" id=\"Duranteotratamento_895\" data-title=\"Duranteotratamento_895&&&lt;span class=&quot;icon-meh&quot; aria-hidden=&quot;true&quot;&gt; &lt;\/span&gt;Durante o tratamento\"><h3 class=\"screen-reader-text wm-item-title\"><span class=\"icon-meh\" aria-hidden=\"true\"> <\/span>Durante o tratamento<\/h3><p class=\"p1\">Algumas pr\u00f3teses exigem um per\u00edodo de adapta\u00e7\u00e3o, que ser\u00e1 superado com a determina\u00e7\u00e3o do paciente em insistir\u00a0no uso delas e com ajustes que o profissional pode realizar.<\/p>\n<p class=\"p1\">Talvez seja necess\u00e1rio utilizar pr\u00f3teses tempor\u00e1rias, que podem ser desconfort\u00e1veis, mas isso ser\u00e1 acompanhado de\u00a0perto pelo cirurgi\u00e3o-dentista. Nesse tempo, evite alimentos muito duros ou pegajosos.<\/p>\n<\/div>\r\n\r\n<div class=\"wm-item wm-item-wrap Apsotratamento_974\" id=\"Apsotratamento_974\" data-title=\"Apsotratamento_974&&&lt;span class=&quot;icon-smile&quot; aria-hidden=&quot;true&quot;&gt; &lt;\/span&gt;Ap\u00f3s o tratamento\"><h2 class=\"screen-reader-text wm-item-title\"><span class=\"icon-smile\" aria-hidden=\"true\"> <\/span>Despu\u00e9s del tratamiento<\/h2><p class=\"p1\">A correta higiene da boca \u00e9 fundamental para a manuten\u00e7\u00e3o do sucesso atingido. Consulte a se\u00e7\u00e3o Sa\u00fade Bucal\u00a0do Manual do Paciente para orientar-se melhor. Visitas regulares ao cirurgi\u00e3o-dentista para ajustes e avalia\u00e7\u00e3o das\u00a0pr\u00f3teses s\u00e3o de igual import\u00e2ncia.<\/p>\n<\/div>\r\n<\/div><\/div>","protected":false},"excerpt":{"rendered":"<div class=\"entry-summary\">\n<div class=\"entry-summary\">\nPr\u00f3tese \u00e9 o que substitui, total ou parcialmente, o dente real quando a restaura\u00e7\u00e3o convencional n\u00e3o resolve o problema. \u00c9 feita de materiais diversos e devolve a est\u00e9tica, a capacidade mastigat\u00f3ria, al\u00e9m de prevenir ou mesmo remediar dificuldades com a articula\u00e7\u00e3o.\n<\/div>\n<div class=\"link-more\"><a href=\"https:\/\/liraodonto.com.br\/es\/tratamentos\/protese\/\" class=\"more-link\">Continue reading<span class=\"screen-reader-text\"> &ldquo;Pr\u00f3tese&rdquo;<\/span>&hellip;<\/a><\/div>\n<\/div>\n<div class=\"link-more\"><a href=\"https:\/\/liraodonto.com.br\/es\/tratamentos\/protese\/\" class=\"more-link\">Continue reading<span class=\"screen-reader-text\"> &ldquo;Pr\u00f3tese&rdquo;<\/span>&hellip;<\/a><\/div>","protected":false},"author":1,"featured_media":2335,"parent":1051,"menu_order":31,"comment_status":"closed","ping_status":"closed","template":"templates\/with-sidebar.php","meta":{"_acf_changed":false,"_monsterinsights_skip_tracking":false,"_monsterinsights_sitenote_active":false,"_monsterinsights_sitenote_note":"","_monsterinsights_sitenote_category":0,"_joinchat":[],"footnotes":""},"class_list":["post-2333","page","type-page","status-publish","has-post-thumbnail","hentry","entry"],"acf":[],"yoast_head":"<!-- This site is optimized with the Yoast SEO plugin v27.5 - https:\/\/yoast.com\/product\/yoast-seo-wordpress\/ -->\n<title>Pr\u00f3tese - Lira Odonto<\/title>\n<meta name=\"robots\" content=\"index, follow, max-snippet:-1, max-image-preview:large, max-video-preview:-1\" \/>\n<link rel=\"canonical\" href=\"https:\/\/liraodonto.com.br\/es\/tratamentos\/protese\/\" \/>\n<meta property=\"og:locale\" content=\"es_ES\" \/>\n<meta property=\"og:type\" content=\"article\" \/>\n<meta property=\"og:title\" content=\"Pr\u00f3tese - Lira Odonto\" \/>\n<meta property=\"og:description\" content=\"Pr\u00f3tese \u00e9 o que substitui, total ou parcialmente, o dente real quando a restaura\u00e7\u00e3o convencional n\u00e3o resolve o problema. \u00c9 feita de materiais diversos e devolve a est\u00e9tica, a capacidade mastigat\u00f3ria, al\u00e9m de prevenir ou mesmo remediar dificuldades com a articula\u00e7\u00e3o. Continue reading &ldquo;Pr\u00f3tese&rdquo;&hellip;\" \/>\n<meta property=\"og:url\" content=\"https:\/\/liraodonto.com.br\/es\/tratamentos\/protese\/\" \/>\n<meta property=\"og:site_name\" content=\"Lira Odonto\" \/>\n<meta property=\"article:publisher\" content=\"https:\/\/www.facebook.com\/liraodonto\/\" \/>\n<meta property=\"article:modified_time\" content=\"2017-02-07T00:09:13+00:00\" \/>\n<meta property=\"og:image\" content=\"https:\/\/liraodonto.com.br\/wp-content\/uploads\/2016\/06\/protese.jpg\" \/>\n\t<meta property=\"og:image:width\" content=\"1640\" \/>\n\t<meta property=\"og:image:height\" content=\"547\" \/>\n\t<meta property=\"og:image:type\" content=\"image\/jpeg\" \/>\n<meta name=\"twitter:card\" content=\"summary_large_image\" \/>\n<meta name=\"twitter:label1\" content=\"Tiempo de lectura\" \/>\n\t<meta name=\"twitter:data1\" content=\"4 minutos\" \/>\n<script type=\"application\/ld+json\" class=\"yoast-schema-graph\">{\"@context\":\"https:\\\/\\\/schema.org\",\"@graph\":[{\"@type\":\"WebPage\",\"@id\":\"https:\\\/\\\/liraodonto.com.br\\\/tratamentos\\\/protese\\\/\",\"url\":\"https:\\\/\\\/liraodonto.com.br\\\/tratamentos\\\/protese\\\/\",\"name\":\"Pr\u00f3tese - Lira Odonto\",\"isPartOf\":{\"@id\":\"https:\\\/\\\/liraodonto.com.br\\\/#website\"},\"primaryImageOfPage\":{\"@id\":\"https:\\\/\\\/liraodonto.com.br\\\/tratamentos\\\/protese\\\/#primaryimage\"},\"image\":{\"@id\":\"https:\\\/\\\/liraodonto.com.br\\\/tratamentos\\\/protese\\\/#primaryimage\"},\"thumbnailUrl\":\"https:\\\/\\\/liraodonto.com.br\\\/wp-content\\\/uploads\\\/2016\\\/06\\\/protese.jpg\",\"datePublished\":\"2016-06-29T01:18:32+00:00\",\"dateModified\":\"2017-02-07T00:09:13+00:00\",\"breadcrumb\":{\"@id\":\"https:\\\/\\\/liraodonto.com.br\\\/tratamentos\\\/protese\\\/#breadcrumb\"},\"inLanguage\":\"es\",\"potentialAction\":[{\"@type\":\"ReadAction\",\"target\":[\"https:\\\/\\\/liraodonto.com.br\\\/tratamentos\\\/protese\\\/\"]}]},{\"@type\":\"ImageObject\",\"inLanguage\":\"es\",\"@id\":\"https:\\\/\\\/liraodonto.com.br\\\/tratamentos\\\/protese\\\/#primaryimage\",\"url\":\"https:\\\/\\\/liraodonto.com.br\\\/wp-content\\\/uploads\\\/2016\\\/06\\\/protese.jpg\",\"contentUrl\":\"https:\\\/\\\/liraodonto.com.br\\\/wp-content\\\/uploads\\\/2016\\\/06\\\/protese.jpg\",\"width\":1640,\"height\":547},{\"@type\":\"BreadcrumbList\",\"@id\":\"https:\\\/\\\/liraodonto.com.br\\\/tratamentos\\\/protese\\\/#breadcrumb\",\"itemListElement\":[{\"@type\":\"ListItem\",\"position\":1,\"name\":\"In\u00edcio\",\"item\":\"https:\\\/\\\/liraodonto.com.br\\\/\"},{\"@type\":\"ListItem\",\"position\":2,\"name\":\"Tratamentos\",\"item\":\"https:\\\/\\\/liraodonto.com.br\\\/tratamentos\\\/\"},{\"@type\":\"ListItem\",\"position\":3,\"name\":\"Pr\u00f3tese\"}]},{\"@type\":\"WebSite\",\"@id\":\"https:\\\/\\\/liraodonto.com.br\\\/#website\",\"url\":\"https:\\\/\\\/liraodonto.com.br\\\/\",\"name\":\"Lira Odonto\",\"description\":\"\",\"publisher\":{\"@id\":\"https:\\\/\\\/liraodonto.com.br\\\/#organization\"},\"potentialAction\":[{\"@type\":\"SearchAction\",\"target\":{\"@type\":\"EntryPoint\",\"urlTemplate\":\"https:\\\/\\\/liraodonto.com.br\\\/?s={search_term_string}\"},\"query-input\":{\"@type\":\"PropertyValueSpecification\",\"valueRequired\":true,\"valueName\":\"search_term_string\"}}],\"inLanguage\":\"es\"},{\"@type\":\"Organization\",\"@id\":\"https:\\\/\\\/liraodonto.com.br\\\/#organization\",\"name\":\"Lira Odonto\",\"url\":\"https:\\\/\\\/liraodonto.com.br\\\/\",\"logo\":{\"@type\":\"ImageObject\",\"inLanguage\":\"es\",\"@id\":\"https:\\\/\\\/liraodonto.com.br\\\/#\\\/schema\\\/logo\\\/image\\\/\",\"url\":\"https:\\\/\\\/liraodonto.com.br\\\/wp-content\\\/uploads\\\/2016\\\/04\\\/cropped-cropped-lira_odonto_site.png\",\"contentUrl\":\"https:\\\/\\\/liraodonto.com.br\\\/wp-content\\\/uploads\\\/2016\\\/04\\\/cropped-cropped-lira_odonto_site.png\",\"width\":200,\"height\":46,\"caption\":\"Lira Odonto\"},\"image\":{\"@id\":\"https:\\\/\\\/liraodonto.com.br\\\/#\\\/schema\\\/logo\\\/image\\\/\"},\"sameAs\":[\"https:\\\/\\\/www.facebook.com\\\/liraodonto\\\/\",\"https:\\\/\\\/www.instagram.com\\\/liraodonto\\\/\"]}]}<\/script>\n<!-- \/ Yoast SEO plugin. -->","yoast_head_json":{"title":"Pr\u00f3tese - Lira Odonto","robots":{"index":"index","follow":"follow","max-snippet":"max-snippet:-1","max-image-preview":"max-image-preview:large","max-video-preview":"max-video-preview:-1"},"canonical":"https:\/\/liraodonto.com.br\/es\/tratamentos\/protese\/","og_locale":"es_ES","og_type":"article","og_title":"Pr\u00f3tese - Lira Odonto","og_description":"Pr\u00f3tese \u00e9 o que substitui, total ou parcialmente, o dente real quando a restaura\u00e7\u00e3o convencional n\u00e3o resolve o problema. \u00c9 feita de materiais diversos e devolve a est\u00e9tica, a capacidade mastigat\u00f3ria, al\u00e9m de prevenir ou mesmo remediar dificuldades com a articula\u00e7\u00e3o. Continue reading &ldquo;Pr\u00f3tese&rdquo;&hellip;","og_url":"https:\/\/liraodonto.com.br\/es\/tratamentos\/protese\/","og_site_name":"Lira Odonto","article_publisher":"https:\/\/www.facebook.com\/liraodonto\/","article_modified_time":"2017-02-07T00:09:13+00:00","og_image":[{"width":1640,"height":547,"url":"https:\/\/liraodonto.com.br\/wp-content\/uploads\/2016\/06\/protese.jpg","type":"image\/jpeg"}],"twitter_card":"summary_large_image","twitter_misc":{"Tiempo de lectura":"4 minutos"},"schema":{"@context":"https:\/\/schema.org","@graph":[{"@type":"WebPage","@id":"https:\/\/liraodonto.com.br\/tratamentos\/protese\/","url":"https:\/\/liraodonto.com.br\/tratamentos\/protese\/","name":"Pr\u00f3tese - Lira Odonto","isPartOf":{"@id":"https:\/\/liraodonto.com.br\/#website"},"primaryImageOfPage":{"@id":"https:\/\/liraodonto.com.br\/tratamentos\/protese\/#primaryimage"},"image":{"@id":"https:\/\/liraodonto.com.br\/tratamentos\/protese\/#primaryimage"},"thumbnailUrl":"https:\/\/liraodonto.com.br\/wp-content\/uploads\/2016\/06\/protese.jpg","datePublished":"2016-06-29T01:18:32+00:00","dateModified":"2017-02-07T00:09:13+00:00","breadcrumb":{"@id":"https:\/\/liraodonto.com.br\/tratamentos\/protese\/#breadcrumb"},"inLanguage":"es","potentialAction":[{"@type":"ReadAction","target":["https:\/\/liraodonto.com.br\/tratamentos\/protese\/"]}]},{"@type":"ImageObject","inLanguage":"es","@id":"https:\/\/liraodonto.com.br\/tratamentos\/protese\/#primaryimage","url":"https:\/\/liraodonto.com.br\/wp-content\/uploads\/2016\/06\/protese.jpg","contentUrl":"https:\/\/liraodonto.com.br\/wp-content\/uploads\/2016\/06\/protese.jpg","width":1640,"height":547},{"@type":"BreadcrumbList","@id":"https:\/\/liraodonto.com.br\/tratamentos\/protese\/#breadcrumb","itemListElement":[{"@type":"ListItem","position":1,"name":"In\u00edcio","item":"https:\/\/liraodonto.com.br\/"},{"@type":"ListItem","position":2,"name":"Tratamentos","item":"https:\/\/liraodonto.com.br\/tratamentos\/"},{"@type":"ListItem","position":3,"name":"Pr\u00f3tese"}]},{"@type":"WebSite","@id":"https:\/\/liraodonto.com.br\/#website","url":"https:\/\/liraodonto.com.br\/","name":"Lira Odonto","description":"","publisher":{"@id":"https:\/\/liraodonto.com.br\/#organization"},"potentialAction":[{"@type":"SearchAction","target":{"@type":"EntryPoint","urlTemplate":"https:\/\/liraodonto.com.br\/?s={search_term_string}"},"query-input":{"@type":"PropertyValueSpecification","valueRequired":true,"valueName":"search_term_string"}}],"inLanguage":"es"},{"@type":"Organization","@id":"https:\/\/liraodonto.com.br\/#organization","name":"Lira Odonto","url":"https:\/\/liraodonto.com.br\/","logo":{"@type":"ImageObject","inLanguage":"es","@id":"https:\/\/liraodonto.com.br\/#\/schema\/logo\/image\/","url":"https:\/\/liraodonto.com.br\/wp-content\/uploads\/2016\/04\/cropped-cropped-lira_odonto_site.png","contentUrl":"https:\/\/liraodonto.com.br\/wp-content\/uploads\/2016\/04\/cropped-cropped-lira_odonto_site.png","width":200,"height":46,"caption":"Lira Odonto"},"image":{"@id":"https:\/\/liraodonto.com.br\/#\/schema\/logo\/image\/"},"sameAs":["https:\/\/www.facebook.com\/liraodonto\/","https:\/\/www.instagram.com\/liraodonto\/"]}]}},"wps_subtitle":"","_links":{"self":[{"href":"https:\/\/liraodonto.com.br\/es\/wp-json\/wp\/v2\/pages\/2333","targetHints":{"allow":["GET"]}}],"collection":[{"href":"https:\/\/liraodonto.com.br\/es\/wp-json\/wp\/v2\/pages"}],"about":[{"href":"https:\/\/liraodonto.com.br\/es\/wp-json\/wp\/v2\/types\/page"}],"author":[{"embeddable":true,"href":"https:\/\/liraodonto.com.br\/es\/wp-json\/wp\/v2\/users\/1"}],"replies":[{"embeddable":true,"href":"https:\/\/liraodonto.com.br\/es\/wp-json\/wp\/v2\/comments?post=2333"}],"version-history":[{"count":9,"href":"https:\/\/liraodonto.com.br\/es\/wp-json\/wp\/v2\/pages\/2333\/revisions"}],"predecessor-version":[{"id":3106,"href":"https:\/\/liraodonto.com.br\/es\/wp-json\/wp\/v2\/pages\/2333\/revisions\/3106"}],"up":[{"embeddable":true,"href":"https:\/\/liraodonto.com.br\/es\/wp-json\/wp\/v2\/pages\/1051"}],"wp:featuredmedia":[{"embeddable":true,"href":"https:\/\/liraodonto.com.br\/es\/wp-json\/wp\/v2\/media\/2335"}],"wp:attachment":[{"href":"https:\/\/liraodonto.com.br\/es\/wp-json\/wp\/v2\/media?parent=2333"}],"curies":[{"name":"wp","href":"https:\/\/api.w.org\/{rel}","templated":true}]}}